{"id":84,"date":"2024-06-27T14:13:19","date_gmt":"2024-06-27T17:13:19","guid":{"rendered":"https:\/\/graduacao.uel.br\/ciencias-biologicas\/?page_id=84"},"modified":"2024-07-01T17:26:13","modified_gmt":"2024-07-01T20:26:13","slug":"bacharelado-ppc","status":"publish","type":"page","link":"https:\/\/graduacao.uel.br\/ciencias-biologicas\/bacharelado-ppc\/","title":{"rendered":"Bacharelado (PPC)"},"content":{"rendered":"\n<p>Segundo a Resolu\u00e7\u00e3o CEPE\/CA n\u00b0 124\/2014, o curso de Ci\u00eancias Biol\u00f3gicas Bacharelado \u00e9 um curso integral e conta com carga hor\u00e1ria total de 3.335 horas, atendendo a Resolu\u00e7\u00e3o CNE\/CES n\u00ba 04, de 6 de abril de 2009, que estabelece a necessidade de integraliza\u00e7\u00e3o e carga hor\u00e1ria m\u00ednima de 3.200 horas para cursos de Bacharelado em Ci\u00eancias Biol\u00f3gicas. <\/p>\n\n\n\n<p>Do total de horas do curso, 2.775 horas correspondem a disciplinas obrigat\u00f3rias de diferentes \u00e1reas da biologia, 60 horas destinam-se ao desenvolvimento de trabalho de conclus\u00e3o de curso (TCC), 300 horas referem-se ao est\u00e1gio supervisionado e 200 horas tratam-se de atividades acad\u00e9micas complementares (AAC), as quais podem corresponder a participa\u00e7\u00e3o em eventos, monitorias ou disciplinas eletivas.<\/p>\n\n\n\n<p><\/p>\n\n\n\n<div class=\"wp-block-buttons is-content-justification-center is-layout-flex wp-container-core-buttons-is-layout-16018d1d wp-block-buttons-is-layout-flex\">\n<div class=\"wp-block-button is-style-fill\"><a class=\"wp-block-button__link has-primary-accent-background-color has-background has-text-align-center wp-element-button\" href=\"https:\/\/sites.uel.br\/prograd\/graduacao\/projetos-pedagogicos\/projetos-pedagogicos-ciencias-biologicas-bacharelado\/\" target=\"_blank\" rel=\"noreferrer noopener\">Resolu\u00e7\u00f5es e Delibera\u00e7\u00f5es<\/a><\/div>\n<\/div>\n\n\n\n<div class=\"wp-block-pb-accordion-item c-accordion__item js-accordion-item no-js\" data-initially-open=\"false\" data-click-to-close=\"true\" data-auto-close=\"true\" data-scroll=\"false\" data-scroll-offset=\"0\"><h6 id=\"at-840\" class=\"c-accordion__title js-accordion-controller\" role=\"button\">DEPARTAMENTO<\/h6><div id=\"ac-840\" class=\"c-accordion__content\">\n<p>O Departamento, subunidade dos Centros de Estudos, constitui-se na menor estrutura de organiza\u00e7\u00e3o administrativa, did\u00e1tico cient\u00edfica e de lota\u00e7\u00e3o de pessoal.<br>No Departamento s\u00e3o reunidas atividades acad\u00eamicas afins e nele est\u00e3o integrados docentes e t\u00e9cnico administrativos para objetivos comuns. (Art. 122 do Regimento Geral da UEL).<\/p>\n<\/div><\/div>\n\n\n\n<div class=\"wp-block-pb-accordion-item c-accordion__item js-accordion-item no-js\" data-initially-open=\"false\" data-click-to-close=\"true\" data-auto-close=\"true\" data-scroll=\"false\" data-scroll-offset=\"0\"><h6 id=\"at-841\" class=\"c-accordion__title js-accordion-controller\" role=\"button\">COLEGIADO<\/h6><div id=\"ac-841\" class=\"c-accordion__content\">\n<p>Os Colegiados de cursos de gradua\u00e7\u00e3o exercem a coordena\u00e7\u00e3o pedag\u00f3gica dos cursos e ser\u00e3o constitu\u00eddos por representantes docentes da \u00e1rea principal de conhecimento e da \u00e1rea b\u00e1sica e\/ou complementar de conhecimento, estudantes e servidores, na forma prevista nos \u00a72\u00ba e \u00a73\u00ba do Art. 27 do Estatuto da Universidade. (Art. alterado atrav\u00e9s da Resolu\u00e7\u00e3o CU 168\/2007).<\/p>\n<\/div><\/div>\n\n\n\n<div class=\"wp-block-pb-accordion-item c-accordion__item js-accordion-item no-js\" data-initially-open=\"false\" data-click-to-close=\"true\" data-auto-close=\"true\" data-scroll=\"false\" data-scroll-offset=\"0\"><h6 id=\"at-842\" class=\"c-accordion__title js-accordion-controller\" role=\"button\"><strong>N\u00daCLEO DOCENTE ESTRUTURANTE (NDE)<\/strong><\/h6><div id=\"ac-842\" class=\"c-accordion__content\">\n<p>&nbsp;NDE institui-se como parte da estrutura de gest\u00e3o acad\u00eamica do curso com atribui\u00e7\u00f5es consultivas, propositivas e de assessoria, acerca de mat\u00e9rias de natureza acad\u00eamica e pedag\u00f3gica, sendo correspons\u00e1vel pela elabora\u00e7\u00e3o, implementa\u00e7\u00e3o e consolida\u00e7\u00e3o do Projeto Pedag\u00f3gico do Curso (PPC), al\u00e9m de zelar pelo cumprimento das Diretrizes Curriculares Nacionais (DCNs). Tem como objetivos:<\/p>\n\n\n\n<p>1 \u2013 Levantar dificuldades na atua\u00e7\u00e3o do corpo docente do Curso;<\/p>\n\n\n\n<p>2 \u2013 Auxiliar na elabora\u00e7\u00e3o e no acompanhamento do PPC;<\/p>\n\n\n\n<p>3 \u2013 Propor programas ou outras formas de capacita\u00e7\u00e3o docente;<\/p>\n\n\n\n<p>4 \u2013 Acompanhar as avalia\u00e7\u00f5es do Curso definidas pelo Colegiado;<\/p>\n\n\n\n<p>5 \u2013 Analisar e propor modifica\u00e7\u00f5es, quando necess\u00e1rias;<\/p>\n\n\n\n<p>6 \u2013 Indicar formas de incentivo ao desenvolvimento de atividades de pesquisa;<\/p>\n\n\n\n<p>7 \u2013 Contribuir para a concretiza\u00e7\u00e3o do perfil profissional;<\/p>\n\n\n\n<p>8 \u2013 Zelar pelo cumprimento das DCNs aplic\u00e1veis ao Curso de Ci\u00eancias Sociais.<\/p>\n<\/div><\/div>\n","protected":false},"excerpt":{"rendered":"<p>Segundo a Resolu\u00e7\u00e3o CEPE\/CA n\u00b0 124\/2014, o curso de Ci\u00eancias Biol\u00f3gicas Bacharelado \u00e9 um curso integral e conta com carga hor\u00e1ria total de 3.335 horas, atendendo a Resolu\u00e7\u00e3o CNE\/CES n\u00ba 04, de 6 de abril de 2009, que estabelece a necessidade de integraliza\u00e7\u00e3o e carga hor\u00e1ria m\u00ednima de 3.200 horas para cursos de Bacharelado em [&hellip;]<\/p>\n","protected":false},"author":8,"featured_media":0,"parent":0,"menu_order":0,"comment_status":"closed","ping_status":"closed","template":"","meta":{"_acf_changed":false,"footnotes":""},"class_list":["post-84","page","type-page","status-publish","hentry"],"acf":[],"_links":{"self":[{"href":"https:\/\/graduacao.uel.br\/ciencias-biologicas\/wp-json\/wp\/v2\/pages\/84","targetHints":{"allow":["GET"]}}],"collection":[{"href":"https:\/\/graduacao.uel.br\/ciencias-biologicas\/wp-json\/wp\/v2\/pages"}],"about":[{"href":"https:\/\/graduacao.uel.br\/ciencias-biologicas\/wp-json\/wp\/v2\/types\/page"}],"author":[{"embeddable":true,"href":"https:\/\/graduacao.uel.br\/ciencias-biologicas\/wp-json\/wp\/v2\/users\/8"}],"replies":[{"embeddable":true,"href":"https:\/\/graduacao.uel.br\/ciencias-biologicas\/wp-json\/wp\/v2\/comments?post=84"}],"version-history":[{"count":4,"href":"https:\/\/graduacao.uel.br\/ciencias-biologicas\/wp-json\/wp\/v2\/pages\/84\/revisions"}],"predecessor-version":[{"id":122,"href":"https:\/\/graduacao.uel.br\/ciencias-biologicas\/wp-json\/wp\/v2\/pages\/84\/revisions\/122"}],"wp:attachment":[{"href":"https:\/\/graduacao.uel.br\/ciencias-biologicas\/wp-json\/wp\/v2\/media?parent=84"}],"curies":[{"name":"wp","href":"https:\/\/api.w.org\/{rel}","templated":true}]}}