{"id":115,"date":"2023-10-23T14:48:41","date_gmt":"2023-10-23T17:48:41","guid":{"rendered":"https:\/\/graduacao.uel.br\/enfermagem\/?page_id=115"},"modified":"2024-07-12T22:04:00","modified_gmt":"2024-07-13T01:04:00","slug":"centro-academico","status":"publish","type":"page","link":"https:\/\/graduacao.uel.br\/enfermagem\/centro-academico\/","title":{"rendered":"Centro Acad\u00eamico"},"content":{"rendered":"\n<p><strong>Centro Acad\u00eamico Ana Nery- CAAN<\/strong><\/p>\n\n\n\n<p>O papel do Centro Acad\u00eamico \u00e9 representar politicamente os estudantes do curso em v\u00e1rias inst\u00e2ncias tais como departamento, colegiado, conselho departamental e de \u00e2mbito geral a Universidade junto ao Diret\u00f3rio Central de Estudantes (DCE). Ademais, defender os interesses acad\u00eamicos dentro e fora da Universidade.<\/p>\n\n\n\n<p>Tamb\u00e9m promove encontros quinzenais de forma a incentivar atividades e eventos que contribuam para o desenvolvimento cient\u00edfico, cultural, pol\u00edtico, social, art\u00edstico e desportivo de seus associados.<\/p>\n\n\n\n<p>Propostas:<\/p>\n\n\n\n<p>\u25cf Lutar pelo ensino p\u00fablico e de qualidade;<\/p>\n\n\n\n<p>\u25cf Congregar os alunos da UEL, do curso de Gradua\u00e7\u00e3o de Enfermagem;<\/p>\n\n\n\n<p>\u25cf Promover e Incentivar atividades e eventos que contribuam para o desenvolvimento cient\u00edfico, cultural, pol\u00edtico, social, art\u00edstico e desportivo de seus associados;<\/p>\n\n\n\n<p>\u25cf Defender os direitos e prerrogativas de seus associados;<\/p>\n\n\n\n<p>\u25cfPromover a integra\u00e7\u00e3o dos seus associados ao movimento estudantil universit\u00e1rio;<\/p>\n\n\n\n<p>Com a palavra,&nbsp;Natalia Maronezi, Presidente do Centro Acad\u00eamico de Enfermagem Ana Nery (CAAN).<\/p>\n\n\n<div class=\"wp-block-image\">\n<figure class=\"aligncenter\"><a href=\"http:\/\/www.uel.br\/ccs\/enfermagem\/fotos\/rte\/full_Diretoria_2022.png\" target=\"_blank\" rel=\"noreferrer noopener\"><img decoding=\"async\" src=\"http:\/\/www.uel.br\/ccs\/enfermagem\/fotos\/rte\/Diretoria_2022.png\" alt=\"Diretoria 2022\"\/><\/a><\/figure>\n<\/div>\n\n\n<p class=\"has-text-align-center\"><em>Diretoria do Centro Acad\u00eamico de Enfermagem Ana Nery (CAAN)<\/em><\/p>\n\n\n\n<p><strong>&nbsp;<\/strong><strong>Palavras da Gest\u00e3o 2022<\/strong><\/p>\n\n\n\n<p>Uni\u00e3o \u00e9 a nova gest\u00e3o do Centro Acad\u00eamico Ana Nery (CAAN) 2022. Carregando o&nbsp;lema: Uni\u00e3o para crescer e voz ativa para mudar.<\/p>\n\n\n\n<p>Ao representar os acad\u00eamicos do curso de Gradua\u00e7\u00e3o de Enfermagem da UEL, a&nbsp;gest\u00e3o de 2022 se compromete em ser uma aliada aos discentes, realizando a integra\u00e7\u00e3o de todos os alunos, lutando pelos seus direitos e reivindica\u00e7\u00f5es.<\/p>\n\n\n\n<p>Al\u00e9m de um \u00f3rg\u00e3o representativo, a gest\u00e3o se compromete em acolher todos os&nbsp;alunos no espa\u00e7o f\u00edsico do centro acad\u00eamico, localizado no Centro de Conviv\u00eancia do CCS, a fim de proporcionar um ambiente agrad\u00e1vel para todos acad\u00eamicos de&nbsp;Enfermagem da UEL.<\/p>\n\n\n\n<p>Estaremos sempre dispostos a receber sugest\u00f5es, ideias e cr\u00edticas para que&nbsp;possamos crescer e nos unir cada vez mais.<\/p>\n\n\n\n<p>Confira as m\u00eddias sociais do CAAN:&nbsp;<a href=\"https:\/\/www.instagram.com\/caan_enfuel\/?igshid=1uwyo9jwqk9pf\"><strong>Instagram<\/strong><\/a><a href=\"https:\/\/www.instagram.com\/caan_enfuel\/?igshid=1uwyo9jwqk9pf\" target=\"_blank\" rel=\"noreferrer noopener\"><strong>&nbsp;<\/strong><\/a>e&nbsp;<a href=\"https:\/\/www.facebook.com\/centroacademicodeenfermagemananery\/\"><strong>Facebook<\/strong><\/a>.<\/p>\n","protected":false},"excerpt":{"rendered":"<p>Centro Acad\u00eamico Ana Nery- CAAN O papel do Centro Acad\u00eamico \u00e9 representar politicamente os estudantes do curso em v\u00e1rias inst\u00e2ncias tais como departamento, colegiado, conselho departamental e de \u00e2mbito geral a Universidade junto ao Diret\u00f3rio Central de Estudantes (DCE). Ademais, defender os interesses acad\u00eamicos dentro e fora da Universidade. Tamb\u00e9m promove encontros quinzenais de forma [&hellip;]<\/p>\n","protected":false},"author":7,"featured_media":0,"parent":0,"menu_order":0,"comment_status":"closed","ping_status":"closed","template":"","meta":{"_acf_changed":false,"footnotes":""},"class_list":["post-115","page","type-page","status-publish","hentry"],"acf":[],"_links":{"self":[{"href":"https:\/\/graduacao.uel.br\/enfermagem\/wp-json\/wp\/v2\/pages\/115","targetHints":{"allow":["GET"]}}],"collection":[{"href":"https:\/\/graduacao.uel.br\/enfermagem\/wp-json\/wp\/v2\/pages"}],"about":[{"href":"https:\/\/graduacao.uel.br\/enfermagem\/wp-json\/wp\/v2\/types\/page"}],"author":[{"embeddable":true,"href":"https:\/\/graduacao.uel.br\/enfermagem\/wp-json\/wp\/v2\/users\/7"}],"replies":[{"embeddable":true,"href":"https:\/\/graduacao.uel.br\/enfermagem\/wp-json\/wp\/v2\/comments?post=115"}],"version-history":[{"count":9,"href":"https:\/\/graduacao.uel.br\/enfermagem\/wp-json\/wp\/v2\/pages\/115\/revisions"}],"predecessor-version":[{"id":1008,"href":"https:\/\/graduacao.uel.br\/enfermagem\/wp-json\/wp\/v2\/pages\/115\/revisions\/1008"}],"wp:attachment":[{"href":"https:\/\/graduacao.uel.br\/enfermagem\/wp-json\/wp\/v2\/media?parent=115"}],"curies":[{"name":"wp","href":"https:\/\/api.w.org\/{rel}","templated":true}]}}