{"id":219,"date":"2023-10-27T13:44:58","date_gmt":"2023-10-27T16:44:58","guid":{"rendered":"https:\/\/graduacao.uel.br\/enfermagem\/?page_id=219"},"modified":"2023-12-15T16:14:54","modified_gmt":"2023-12-15T19:14:54","slug":"residencias-uni-e-multiprofissionais","status":"publish","type":"page","link":"https:\/\/graduacao.uel.br\/enfermagem\/residencias-uni-e-multiprofissionais\/","title":{"rendered":"Resid\u00eancias Uni e Multiprofissionais"},"content":{"rendered":"\n<p>O Programa de Resid\u00eancia em Enfermagem da Universidade Estadual de Londrina, credenciado pelo CONARENF, foi estruturado conforme a Resolu\u00e7\u00e3o 259\/2001 do Conselho Federal de Enfermagem (COFEN) que regulamenta os Programas de Resid\u00eancia em Enfermagem em \u00e2mbito nacional como modalidade de p\u00f3s-gradua\u00e7\u00e3o Lato sensu. <\/p>\n\n\n\n<p>Em parceria com a Diretoria de Enfermagem do Hospital Universit\u00e1rio (HU\/UEL), o Departamento de Enfermagem implantou em 2006 o Programa de Resid\u00eancia em Enfermagem, que hoje conta com oito especialidades, que podem ser conferidas abaixo.<\/p>\n\n\n\n<p>O residente ter\u00e1 sua jornada de atividades implementada em 60 horas semanais (incluindo pr\u00e1ticas e teorias) e receber\u00e1 bolsa de estudos durante a realiza\u00e7\u00e3o do curso.<\/p>\n\n\n\n<p><strong><a href=\"https:\/\/sites.uel.br\/proppg\/residencias\/\">Clique aqui<\/a>&nbsp;<\/strong>para saber mais sobre o processo seletivo, ver as vagas e especialidades dispon\u00edveis.<\/p>\n\n\n\n<div style=\"height:40px\" aria-hidden=\"true\" class=\"wp-block-spacer\"><\/div>\n\n\n\n<h3 class=\"wp-block-heading\">RESID\u00caNCIAS UNIPROFISSIONAIS<\/h3>\n\n\n\n<p>Para os profissionais da Enfermagem, a UEL oferta as seguintes Resid\u00eancias:<\/p>\n\n\n\n<div class=\"wp-block-pb-accordion-item c-accordion__item js-accordion-item no-js\" data-initially-open=\"false\" data-click-to-close=\"true\" data-auto-close=\"true\" data-scroll=\"false\" data-scroll-offset=\"0\"><h6 id=\"at-2190\" class=\"c-accordion__title js-accordion-controller\" role=\"button\">Resid\u00eancia em Enfermagem em Cuidados Intensivos do Adulto<\/h6><div id=\"ac-2190\" class=\"c-accordion__content\">\n<div class=\"wp-block-columns is-layout-flex wp-container-core-columns-is-layout-9d6595d7 wp-block-columns-is-layout-flex\">\n<div class=\"wp-block-column is-layout-flow wp-block-column-is-layout-flow\">\n<figure class=\"wp-block-image size-full is-resized\"><img loading=\"lazy\" decoding=\"async\" width=\"768\" height=\"1024\" src=\"https:\/\/graduacao.uel.br\/enfermagem\/wp-content\/uploads\/2023\/10\/Cuidados-Intensivos1.jpeg\" alt=\"\" class=\"wp-image-236\" style=\"aspect-ratio:0.75;width:281px;height:auto\" srcset=\"https:\/\/graduacao.uel.br\/enfermagem\/wp-content\/uploads\/2023\/10\/Cuidados-Intensivos1.jpeg 768w, https:\/\/graduacao.uel.br\/enfermagem\/wp-content\/uploads\/2023\/10\/Cuidados-Intensivos1-225x300.jpeg 225w\" sizes=\"auto, (max-width: 768px) 100vw, 768px\" \/><\/figure>\n<\/div>\n\n\n\n<div class=\"wp-block-column is-layout-flow wp-block-column-is-layout-flow\">\n<p>Possibilita ao enfermeiro rec\u00e9m-graduado acompanhamento do paciente cr\u00edtico desde o primeiro atendimento na fase pr\u00e9-hospitalar at\u00e9 a alta hospitalar, passando por unidades de interna\u00e7\u00e3o de menor at\u00e9 a maior complexidade, com autonomia e seguran\u00e7a, preenchendo uma lacuna loco &#8211; regional, que vivencia a falta de profissionais melhor capacitados para responder rapidamente \u00e0 crescente complexidade dos problemas de sa\u00fade dos pacientes e incorpora\u00e7\u00e3o de novas tecnologias.<\/p>\n\n\n\n<p>As estrat\u00e9gias de ensino utilizadas, com conte\u00fado te\u00f3rico e pr\u00e1tico, visam <\/p>\n<\/div>\n\n\n\n<div class=\"wp-block-column is-layout-flow wp-block-column-is-layout-flow\">\n<p>proporcionar o desenvolvimento de compet\u00eancias para a assist\u00eancia de enfermagem \u00e0 adultos em diferentes situa\u00e7\u00f5es cr\u00edticas de sa\u00fade de forma integrada e cont\u00ednua, por meio da sistematiza\u00e7\u00e3o da assist\u00eancia, sendo capaz de analisar criticamente os problemas para a tomada de decis\u00e3o, considerando os preceitos \u00e9tico-legais e o contexto social em que ocorre a assist\u00eancia \u00e0 sa\u00fade.<\/p>\n\n\n\n<p>Conhe\u00e7a as disciplinas e o calend\u00e1rio de inscri\u00e7\u00e3o clicando <a href=\"https:\/\/www.sistemasweb.uel.br\/index.php?contents=system\/inscpos\/index.php&amp;pagina=view\/ListarDadosCurso.php&amp;cd_curso=310&amp;nr_resolucao=38\/2021\"><strong>AQU<\/strong><\/a><a href=\"https:\/\/www.sistemasweb.uel.br\/index.php?contents=system\/inscpos\/index.php&amp;pagina=view\/ListarDadosCurso.php&amp;cd_curso=310&amp;nr_resolucao=38\/2021\" target=\"_blank\" rel=\"noreferrer noopener\"><strong>I<\/strong><\/a>.<\/p>\n<\/div>\n<\/div>\n<\/div><\/div>\n\n\n\n<div class=\"wp-block-pb-accordion-item c-accordion__item js-accordion-item no-js\" data-initially-open=\"false\" data-click-to-close=\"true\" data-auto-close=\"true\" data-scroll=\"false\" data-scroll-offset=\"0\"><h6 id=\"at-2191\" class=\"c-accordion__title js-accordion-controller\" role=\"button\">Resid\u00eancia em Enfermagem em Infectologia<\/h6><div id=\"ac-2191\" class=\"c-accordion__content\">\n<div class=\"wp-block-columns is-layout-flex wp-container-core-columns-is-layout-9d6595d7 wp-block-columns-is-layout-flex\">\n<div class=\"wp-block-column is-layout-flow wp-block-column-is-layout-flow\">\n<figure class=\"wp-block-image size-full is-resized\"><img loading=\"lazy\" decoding=\"async\" width=\"934\" height=\"563\" src=\"https:\/\/graduacao.uel.br\/enfermagem\/wp-content\/uploads\/2023\/10\/infectologia3.png\" alt=\"\" class=\"wp-image-253\" style=\"aspect-ratio:1.6589698046181172;width:525px;height:auto\" srcset=\"https:\/\/graduacao.uel.br\/enfermagem\/wp-content\/uploads\/2023\/10\/infectologia3.png 934w, https:\/\/graduacao.uel.br\/enfermagem\/wp-content\/uploads\/2023\/10\/infectologia3-300x181.png 300w, https:\/\/graduacao.uel.br\/enfermagem\/wp-content\/uploads\/2023\/10\/infectologia3-768x463.png 768w\" sizes=\"auto, (max-width: 934px) 100vw, 934px\" \/><\/figure>\n<\/div>\n\n\n\n<div class=\"wp-block-column is-layout-flow wp-block-column-is-layout-flow\">\n<p>O programa de Resid\u00eancia de Enfermagem em Infectologia objetiva capacitar o profissional nas \u00e1reas de Doen\u00e7as Transmiss\u00edveis, Infec\u00e7\u00f5es Relacionadas \u00e0 Assist\u00eancia \u00e0 Sa\u00fade e Vigil\u00e2ncia em Sa\u00fade. Preparar o residente para execu\u00e7\u00e3o de a\u00e7\u00f5es de vigil\u00e2ncia em sa\u00fade. A investiga\u00e7\u00e3o epidemiol\u00f3gica de casos, epidemias e surtos envolve uma s\u00e9rie de atividades, desde a detec\u00e7\u00e3o precoce, medidas de preven\u00e7\u00e3o e controle, avalia\u00e7\u00e3o de impacto, notifica\u00e7\u00e3o, utiliza\u00e7\u00e3o do sistema de&nbsp;vigil\u00e2ncia, dentre outros, que s\u00e3o essenciais para romper a cadeia de transmiss\u00e3o das doen\u00e7as.<\/p>\n\n\n\n<p>Conhe\u00e7a as disciplinas e per\u00edodo de inscri\u00e7\u00e3o, clicando <a href=\"https:\/\/www.sistemasweb.uel.br\/index.php?contents=system\/inscpos\/index.php&amp;pagina=view\/ListarDadosCurso.php&amp;cd_curso=360&amp;nr_resolucao=10\/2017\"><strong>AQUI<\/strong><\/a>.<\/p>\n<\/div>\n<\/div>\n<\/div><\/div>\n\n\n\n<div class=\"wp-block-pb-accordion-item c-accordion__item js-accordion-item no-js\" data-initially-open=\"false\" data-click-to-close=\"true\" data-auto-close=\"true\" data-scroll=\"false\" data-scroll-offset=\"0\"><h6 id=\"at-2192\" class=\"c-accordion__title js-accordion-controller\" role=\"button\">Resid\u00eancia em Enfermagem Obst\u00e9trica<\/h6><div id=\"ac-2192\" class=\"c-accordion__content\">\n<div class=\"wp-block-columns is-layout-flex wp-container-core-columns-is-layout-9d6595d7 wp-block-columns-is-layout-flex\">\n<div class=\"wp-block-column is-layout-flow wp-block-column-is-layout-flow\">\n<figure class=\"wp-block-image size-full is-resized\"><img loading=\"lazy\" decoding=\"async\" width=\"640\" height=\"800\" src=\"https:\/\/graduacao.uel.br\/enfermagem\/wp-content\/uploads\/2023\/10\/obstetricia4.jpg\" alt=\"\" class=\"wp-image-258\" style=\"aspect-ratio:0.8;width:302px;height:auto\" srcset=\"https:\/\/graduacao.uel.br\/enfermagem\/wp-content\/uploads\/2023\/10\/obstetricia4.jpg 640w, https:\/\/graduacao.uel.br\/enfermagem\/wp-content\/uploads\/2023\/10\/obstetricia4-240x300.jpg 240w\" sizes=\"auto, (max-width: 640px) 100vw, 640px\" \/><\/figure>\n<\/div>\n\n\n\n<div class=\"wp-block-column is-layout-flow wp-block-column-is-layout-flow\">\n<p>A forma\u00e7\u00e3o do enfermeiro em obstetr\u00edcia vem corroborar com a proposta do Minist\u00e9rio da Sa\u00fade que tem a sa\u00fade da mulher como uma das prioridades na aten\u00e7\u00e3o \u00e0 sa\u00fade da popula\u00e7\u00e3o, por meio das pol\u00edticas de sa\u00fade implantadas no Brasil, com destaque para as a\u00e7\u00f5es voltadas \u00e0 assist\u00eancia ao pr\u00e9-natal; ao incentivo ao parto natural e \u00e0 redu\u00e7\u00e3o do n\u00famero de ces\u00e1reas desnecess\u00e1rias; \u00e0 redu\u00e7\u00e3o da mortalidade materna; ao enfrentamento da viol\u00eancia contra a mulher; \u00e0 aten\u00e7\u00e3o humanizada ao abortamento; ao acesso informado \u00e0 contracep\u00e7\u00e3o, preven\u00e7\u00e3o e detec\u00e7\u00e3o precoce do c\u00e2ncer c\u00e9rvico-uterino<\/p>\n<\/div>\n\n\n\n<div class=\"wp-block-column is-layout-flow wp-block-column-is-layout-flow\">\n<p>e de mamas, infec\u00e7\u00f5es sexualmente transmiss\u00edveis (IST), assist\u00eancia ao climat\u00e9rio e a\u00e7\u00f5es para cessar o processo de discrimina\u00e7\u00e3o de mulheres em rela\u00e7\u00e3o \u00e0 ra\u00e7a, g\u00eanero e condi\u00e7\u00e3o social (BRASIL, 2016). A Resid\u00eancia em Enfermagem Obst\u00e9trica capacita enfermeiros para um olhar mais humano na gest\u00e3o do cuidado \u00e0 mulher, com a utiliza\u00e7\u00e3o da tecnologia adequada na assist\u00eancia ao pr\u00e9-natal, parto, nascimento e puerp\u00e9rio, permitindo a restitui\u00e7\u00e3o do protagonismo da mulher em sua sa\u00fade reprodutiva, especialmente no processo de parir.    <\/p>\n\n\n\n<p>Clique <a href=\"https:\/\/www.sistemasweb.uel.br\/index.php?contents=system\/inscpos\/index.php&amp;pagina=view\/ListarDadosCurso.php&amp;cd_curso=382&amp;nr_resolucao=09\/2017\"><strong>AQUI<\/strong><\/a> para inscri\u00e7\u00e3o.<\/p>\n\n\n\n<p><\/p>\n<\/div>\n<\/div>\n<\/div><\/div>\n\n\n\n<div class=\"wp-block-pb-accordion-item c-accordion__item js-accordion-item no-js\" data-initially-open=\"false\" data-click-to-close=\"true\" data-auto-close=\"true\" data-scroll=\"false\" data-scroll-offset=\"0\"><h6 id=\"at-2193\" class=\"c-accordion__title js-accordion-controller\" role=\"button\">Resid\u00eancia de Enfermagem em Sa\u00fade Mental<br><\/h6><div id=\"ac-2193\" class=\"c-accordion__content\">\n<div class=\"wp-block-columns is-layout-flex wp-container-core-columns-is-layout-9d6595d7 wp-block-columns-is-layout-flex\">\n<div class=\"wp-block-column is-layout-flow wp-block-column-is-layout-flow\" style=\"flex-basis:33.33%\">\n<figure class=\"wp-block-image size-full is-resized\"><img loading=\"lazy\" decoding=\"async\" width=\"278\" height=\"371\" src=\"https:\/\/graduacao.uel.br\/enfermagem\/wp-content\/uploads\/2023\/12\/saude-mental.jpg\" alt=\"\" class=\"wp-image-823\" style=\"width:296px;height:auto\" srcset=\"https:\/\/graduacao.uel.br\/enfermagem\/wp-content\/uploads\/2023\/12\/saude-mental.jpg 278w, https:\/\/graduacao.uel.br\/enfermagem\/wp-content\/uploads\/2023\/12\/saude-mental-225x300.jpg 225w\" sizes=\"auto, (max-width: 278px) 100vw, 278px\" \/><\/figure>\n<\/div>\n\n\n\n<div class=\"wp-block-column is-layout-flow wp-block-column-is-layout-flow\" style=\"flex-basis:66.66%\">\n<p><\/p>\n\n\n\n<p><\/p>\n\n\n\n<p>O Curso de Resid\u00eancia de Enfermagem em Sa\u00fade Mental tem caracter\u00edstica de p\u00f3s-gradua\u00e7\u00e3o, Lato sensu, sob forma de treinamento em servi\u00e7o em regime de 60 (sessenta) horas semanais, dedica\u00e7\u00e3o exclusiva e \u00e9 destinado a enfermeiros brasileiros formados ou formandos em escolas oficiais em Curso de Gradua\u00e7\u00e3o em Enfermagem reconhecido pelo Minist\u00e9rio de Educa\u00e7\u00e3o e do Desporto\/MEC e a enfermeiros com diploma estrangeiro devidamente revalidado no Brasil.<\/p>\n\n\n\n<p>Clique <a href=\"https:\/\/www.sistemasweb.uel.br\/index.php?contents=system\/inscpos\/index.php&amp;pagina=view\/ListarDadosCurso.php&amp;cd_curso=461&amp;nr_resolucao=86\/2022\"><strong>AQUI<\/strong><\/a> para informa\u00e7\u00f5es e inscri\u00e7\u00e3o na Resid\u00eancia em Enfermagem em Sa\u00fade Mental.<\/p>\n<\/div>\n<\/div>\n<\/div><\/div>\n\n\n\n<div class=\"wp-block-pb-accordion-item c-accordion__item js-accordion-item no-js\" data-initially-open=\"false\" data-click-to-close=\"true\" data-auto-close=\"true\" data-scroll=\"false\" data-scroll-offset=\"0\"><h6 id=\"at-2194\" class=\"c-accordion__title js-accordion-controller\" role=\"button\">Resid\u00eancia em Enfermagem Perioperat\u00f3ria<\/h6><div id=\"ac-2194\" class=\"c-accordion__content\">\n<div class=\"wp-block-columns is-layout-flex wp-container-core-columns-is-layout-9d6595d7 wp-block-columns-is-layout-flex\">\n<div class=\"wp-block-column is-layout-flow wp-block-column-is-layout-flow\" style=\"flex-basis:66.66%\">\n<figure class=\"wp-block-image size-full is-resized\"><img loading=\"lazy\" decoding=\"async\" width=\"630\" height=\"557\" src=\"https:\/\/graduacao.uel.br\/enfermagem\/wp-content\/uploads\/2023\/11\/imagem_2023-11-24_112256803.png\" alt=\"\" class=\"wp-image-572\" style=\"width:587px;height:auto\" srcset=\"https:\/\/graduacao.uel.br\/enfermagem\/wp-content\/uploads\/2023\/11\/imagem_2023-11-24_112256803.png 630w, https:\/\/graduacao.uel.br\/enfermagem\/wp-content\/uploads\/2023\/11\/imagem_2023-11-24_112256803-300x265.png 300w\" sizes=\"auto, (max-width: 630px) 100vw, 630px\" \/><\/figure>\n<\/div>\n\n\n\n<div class=\"wp-block-column is-layout-flow wp-block-column-is-layout-flow\" style=\"flex-basis:33.33%\">\n<p>O Curso de Especializa\u00e7\u00e3o modalidade Resid\u00eancia em Enfermagem (nas \u00e1reas de Centro Cir\u00fargico, Sala de Recupera\u00e7\u00e3o Anest\u00e9sica e Central de Material e Esteriliza\u00e7\u00e3o) criado em 14\/09\/2005, vem de encontro \u00e0s necessidade crescentes de capacita\u00e7\u00e3o de enfermeiros para o gerenciamento da assist\u00eancia do paciente cir\u00fargico desde o pr\u00e9-operat\u00f3rio imediato, transoperat\u00f3rio e p\u00f3s-operat\u00f3rio imediato em Sala de Recupera\u00e7\u00e3o Anest\u00e9sica. Al\u00e9m disso capacita o profissional no processamento de materiais odonto-m\u00e9dico-hospitalares utilizados nos diferentes servi\u00e7os de sa\u00fade.<\/p>\n\n\n\n<p>Clique <strong><a href=\"https:\/\/www.sistemasweb.uel.br\/index.php?contents=system\/inscpos\/index.php&amp;pagina=view\/ListarDadosCurso.php&amp;cd_curso=220&amp;nr_resolucao=30\/2014\">AQUI<\/a> <\/strong>para inscri\u00e7\u00e3o.<br><\/p>\n<\/div>\n<\/div>\n<\/div><\/div>\n\n\n\n<div class=\"wp-block-pb-accordion-item c-accordion__item js-accordion-item no-js\" data-initially-open=\"false\" data-click-to-close=\"true\" data-auto-close=\"true\" data-scroll=\"false\" data-scroll-offset=\"0\"><h6 id=\"at-2195\" class=\"c-accordion__title js-accordion-controller\" role=\"button\">Resid\u00eancia em Ger\u00eancia dos Servi\u00e7os de Enfermagem<\/h6><div id=\"ac-2195\" class=\"c-accordion__content\">\n<div class=\"wp-block-columns is-layout-flex wp-container-core-columns-is-layout-9d6595d7 wp-block-columns-is-layout-flex\">\n<div class=\"wp-block-column is-layout-flow wp-block-column-is-layout-flow\" style=\"flex-basis:66.66%\">\n<figure class=\"wp-block-image size-full is-resized\"><img loading=\"lazy\" decoding=\"async\" width=\"625\" height=\"398\" src=\"https:\/\/graduacao.uel.br\/enfermagem\/wp-content\/uploads\/2023\/11\/Sem-titulo.jpg\" alt=\"\" class=\"wp-image-575\" style=\"width:696px;height:auto\" srcset=\"https:\/\/graduacao.uel.br\/enfermagem\/wp-content\/uploads\/2023\/11\/Sem-titulo.jpg 625w, https:\/\/graduacao.uel.br\/enfermagem\/wp-content\/uploads\/2023\/11\/Sem-titulo-300x191.jpg 300w\" sizes=\"auto, (max-width: 625px) 100vw, 625px\" \/><\/figure>\n<\/div>\n\n\n\n<div class=\"wp-block-column is-layout-flow wp-block-column-is-layout-flow\" style=\"flex-basis:33.33%\">\n<p>Implantada em 2006, possibilita o envolvimento do residente em atividade te\u00f3rico-pr\u00e1ticas junto&nbsp;ao graduando de enfermagem, oportuniza a capacita\u00e7\u00e3o pedag\u00f3gica para a pr\u00e1tica docente,&nbsp;principalmente no manejo de metodologias de ensino ativas, al\u00e9m de promover a integra\u00e7\u00e3o entre a gradua\u00e7\u00e3o e a p\u00f3s gradua\u00e7\u00e3o. O desenvolvimento de atividades com enfermeiros preceptores&nbsp;e outros profissionais dos campos de pr\u00e1tica, fortalece a integra\u00e7\u00e3o&nbsp;acad\u00eamica e servi\u00e7o.<\/p>\n\n\n\n<p>Modalidade de especializa\u00e7\u00e3o:&nbsp;<em>Lato sensu<\/em>.<\/p>\n\n\n\n<p>Carga hor\u00e1ria: 5.760 horas.<\/p>\n\n\n\n<p>&nbsp;Dura\u00e7\u00e3o: 2 anos.<\/p>\n\n\n\n<p>Informa\u00e7\u00f5es inscri\u00e7\u00e3o <a href=\"https:\/\/www.sistemasweb.uel.br\/index.php?contents=system\/inscpos\/index.php&amp;pagina=view\/ListarDadosCurso.php&amp;cd_curso=224&amp;nr_resolucao=27\/2014\"><strong>AQUI<\/strong><\/a>.<\/p>\n\n\n\n<p><\/p>\n<\/div>\n<\/div>\n<\/div><\/div>\n\n\n\n<div class=\"wp-block-pb-accordion-item c-accordion__item js-accordion-item no-js\" data-initially-open=\"false\" data-click-to-close=\"true\" data-auto-close=\"true\" data-scroll=\"false\" data-scroll-offset=\"0\"><h6 id=\"at-2196\" class=\"c-accordion__title js-accordion-controller\" role=\"button\">Resid\u00eancia em Enfermagem em Urg\u00eancia e Emerg\u00eancia<\/h6><div id=\"ac-2196\" class=\"c-accordion__content\">\n<div class=\"wp-block-columns is-layout-flex wp-container-core-columns-is-layout-9d6595d7 wp-block-columns-is-layout-flex\">\n<div class=\"wp-block-column is-layout-flow wp-block-column-is-layout-flow\" style=\"flex-basis:33.33%\">\n<figure class=\"wp-block-image size-large\"><img loading=\"lazy\" decoding=\"async\" width=\"877\" height=\"1024\" src=\"https:\/\/graduacao.uel.br\/enfermagem\/wp-content\/uploads\/2023\/10\/emergencia9-877x1024.jpeg\" alt=\"\" class=\"wp-image-246\" srcset=\"https:\/\/graduacao.uel.br\/enfermagem\/wp-content\/uploads\/2023\/10\/emergencia9-877x1024.jpeg 877w, https:\/\/graduacao.uel.br\/enfermagem\/wp-content\/uploads\/2023\/10\/emergencia9-257x300.jpeg 257w, https:\/\/graduacao.uel.br\/enfermagem\/wp-content\/uploads\/2023\/10\/emergencia9-768x897.jpeg 768w, https:\/\/graduacao.uel.br\/enfermagem\/wp-content\/uploads\/2023\/10\/emergencia9.jpeg 958w\" sizes=\"auto, (max-width: 877px) 100vw, 877px\" \/><\/figure>\n<\/div>\n\n\n\n<div class=\"wp-block-column is-layout-flow wp-block-column-is-layout-flow\" style=\"flex-basis:66.66%\">\n<p>O Programa Integrado de Especializa\u00e7\u00e3o, modalidade Resid\u00eancia em Enfermagem em Urg\u00eancia e Emerg\u00eancia foi, nas inst\u00e2ncias superiores da UEL, criado e aprovado no ano de 2010, e implantado no ano de 2012. O curso tem dura\u00e7\u00e3o de 2 anos e contempla a carga hor\u00e1ria de 5.760 horas totais.<\/p>\n\n\n\n<p>Sua implanta\u00e7\u00e3o est\u00e1 justificada na habilita\u00e7\u00e3o de profissionais enfermeiros para o atendimento sistematizado, humanizado, \u00e1gil e de qualidade a pacientes adultos, idosos, gestantes e pedi\u00e1tricos, e em situa\u00e7\u00f5es de urg\u00eancia e emerg\u00eancia no \u00e2mbito intra-hospitalar, pr\u00e9-hospitalar, bem como a capacita\u00e7\u00e3o para atendimento \u00e0s cat\u00e1strofes.<\/p>\n\n\n\n<p>Por meio de aulas te\u00f3ricas espec\u00edficas associadas \u00e0 pr\u00e1tica di\u00e1ria, a Resid\u00eancia em Enfermagem em Urg\u00eancia e Emerg\u00eancia viabilizar\u00e1 ao enfermeiro a assist\u00eancia direta ao paciente, exigindo racioc\u00ednio cr\u00edtico e reflexivo nos diferentes n\u00edveis de complexidade.<\/p>\n\n\n\n<p><\/p>\n\n\n\n<p>Para mais informa\u00e7\u00f5es e inscri\u00e7\u00e3o clique <a href=\"https:\/\/www.sistemasweb.uel.br\/index.php?contents=system\/inscpos\/index.php&amp;pagina=view\/ListarDadosCurso.php&amp;cd_curso=311&amp;nr_resolucao=29\/2014\"><strong>AQUI<\/strong><\/a>.<\/p>\n\n\n\n<p><\/p>\n<\/div>\n<\/div>\n<\/div><\/div>\n\n\n\n<p><\/p>\n\n\n\n<p><\/p>\n\n\n\n<div style=\"height:40px\" aria-hidden=\"true\" class=\"wp-block-spacer\"><\/div>\n\n\n\n<h3 class=\"wp-block-heading\">RESID\u00caNCIAS MULTIPROFISSIONAIS<\/h3>\n\n\n\n<p>Como o nome sugere, as Resid\u00eancias Multiprofissionais envolvem mais de uma profiss\u00e3o, incluindo a possibilidade de aprimoramento para profissionais da Enfermagem. Mais informa\u00e7\u00f5es <strong><a href=\"https:\/\/www.sistemasweb.uel.br\/index.php?contents=system\/inscpos\/index.php&amp;pagina=view\/ListarCursos.php&amp;nv_curso=4&amp;sq_nivel=6\">clique aqui<\/a><\/strong>.<\/p>\n","protected":false},"excerpt":{"rendered":"<p>O Programa de Resid\u00eancia em Enfermagem da Universidade Estadual de Londrina, credenciado pelo CONARENF, foi estruturado conforme a Resolu\u00e7\u00e3o 259\/2001 do Conselho Federal de Enfermagem (COFEN) que regulamenta os Programas de Resid\u00eancia em Enfermagem em \u00e2mbito nacional como modalidade de p\u00f3s-gradua\u00e7\u00e3o Lato sensu. Em parceria com a Diretoria de Enfermagem do Hospital Universit\u00e1rio (HU\/UEL), o [&hellip;]<\/p>\n","protected":false},"author":7,"featured_media":0,"parent":0,"menu_order":0,"comment_status":"closed","ping_status":"closed","template":"","meta":{"_acf_changed":false,"footnotes":""},"class_list":["post-219","page","type-page","status-publish","hentry"],"acf":[],"_links":{"self":[{"href":"https:\/\/graduacao.uel.br\/enfermagem\/wp-json\/wp\/v2\/pages\/219","targetHints":{"allow":["GET"]}}],"collection":[{"href":"https:\/\/graduacao.uel.br\/enfermagem\/wp-json\/wp\/v2\/pages"}],"about":[{"href":"https:\/\/graduacao.uel.br\/enfermagem\/wp-json\/wp\/v2\/types\/page"}],"author":[{"embeddable":true,"href":"https:\/\/graduacao.uel.br\/enfermagem\/wp-json\/wp\/v2\/users\/7"}],"replies":[{"embeddable":true,"href":"https:\/\/graduacao.uel.br\/enfermagem\/wp-json\/wp\/v2\/comments?post=219"}],"version-history":[{"count":52,"href":"https:\/\/graduacao.uel.br\/enfermagem\/wp-json\/wp\/v2\/pages\/219\/revisions"}],"predecessor-version":[{"id":827,"href":"https:\/\/graduacao.uel.br\/enfermagem\/wp-json\/wp\/v2\/pages\/219\/revisions\/827"}],"wp:attachment":[{"href":"https:\/\/graduacao.uel.br\/enfermagem\/wp-json\/wp\/v2\/media?parent=219"}],"curies":[{"name":"wp","href":"https:\/\/api.w.org\/{rel}","templated":true}]}}