{"id":104,"date":"2023-07-25T16:10:43","date_gmt":"2023-07-25T19:10:43","guid":{"rendered":"https:\/\/graduacao.uel.br\/engenharia-civil\/?page_id=104"},"modified":"2026-04-08T17:08:20","modified_gmt":"2026-04-08T20:08:20","slug":"eventos","status":"publish","type":"page","link":"https:\/\/graduacao.uel.br\/engenharia-civil\/eventos\/","title":{"rendered":"Eventos"},"content":{"rendered":"\n<p><strong>Abril 2026<\/strong><\/p>\n\n\n\n<figure class=\"wp-block-image size-large is-resized\"><a href=\"http:\/\/www.uel.br\/eventos\/sigec\/?id=11834\"><img loading=\"lazy\" decoding=\"async\" width=\"819\" height=\"1024\" src=\"https:\/\/graduacao.uel.br\/engenharia-civil\/wp-content\/uploads\/2026\/04\/palestra-rafael-MSE-Engenharia-290426-1-819x1024.png\" alt=\"\" class=\"wp-image-1063\" style=\"width:574px;height:auto\" srcset=\"https:\/\/graduacao.uel.br\/engenharia-civil\/wp-content\/uploads\/2026\/04\/palestra-rafael-MSE-Engenharia-290426-1-819x1024.png 819w, https:\/\/graduacao.uel.br\/engenharia-civil\/wp-content\/uploads\/2026\/04\/palestra-rafael-MSE-Engenharia-290426-1-240x300.png 240w, https:\/\/graduacao.uel.br\/engenharia-civil\/wp-content\/uploads\/2026\/04\/palestra-rafael-MSE-Engenharia-290426-1-768x960.png 768w, https:\/\/graduacao.uel.br\/engenharia-civil\/wp-content\/uploads\/2026\/04\/palestra-rafael-MSE-Engenharia-290426-1.png 1081w\" sizes=\"auto, (max-width: 819px) 100vw, 819px\" \/><\/a><\/figure>\n\n\n\n<p><strong>local: sala 1020-CTU          inscri\u00e7\u00f5es: <\/strong><a href=\"http:\/\/www.uel.br\/eventos\/sigec\/?id=11834\">http:\/\/www.uel.br\/eventos\/sigec\/?id=11834<\/a><\/p>\n\n\n\n<p>.<\/p>\n\n\n\n<p>.<\/p>\n\n\n\n<p>.<\/p>\n\n\n\n<figure class=\"wp-block-image size-full is-resized\"><a href=\"https:\/\/www.sistemasweb.uel.br\/index.php?contents=system\/insc\/index.php&amp;pagina=view\/inscricoes\/seleciona_evento.php&amp;cod_evento=11795\"><img loading=\"lazy\" decoding=\"async\" width=\"994\" height=\"549\" src=\"https:\/\/graduacao.uel.br\/engenharia-civil\/wp-content\/uploads\/2026\/04\/Procompi-2026-palestra.jpg\" alt=\"\" class=\"wp-image-1058\" style=\"aspect-ratio:1.8106090373280943;width:582px;height:auto\" srcset=\"https:\/\/graduacao.uel.br\/engenharia-civil\/wp-content\/uploads\/2026\/04\/Procompi-2026-palestra.jpg 994w, https:\/\/graduacao.uel.br\/engenharia-civil\/wp-content\/uploads\/2026\/04\/Procompi-2026-palestra-300x166.jpg 300w, https:\/\/graduacao.uel.br\/engenharia-civil\/wp-content\/uploads\/2026\/04\/Procompi-2026-palestra-768x424.jpg 768w\" sizes=\"auto, (max-width: 994px) 100vw, 994px\" \/><\/a><\/figure>\n\n\n\n<p><strong>INSCRI\u00c7\u00d5ES<\/strong>: <a href=\"https:\/\/www.sistemasweb.uel.br\/index.php?contents=system\/insc\/index.php&amp;pagina=view\/inscricoes\/seleciona_evento.php&amp;cod_evento=11795\">http:\/\/www.uel.br\/eventos\/insc\/?id=11795<\/a><\/p>\n\n\n\n<p><strong>Mar\u00e7o de 2026<\/strong><\/p>\n\n\n\n<figure class=\"wp-block-image size-large is-resized\"><img loading=\"lazy\" decoding=\"async\" width=\"1024\" height=\"457\" src=\"https:\/\/graduacao.uel.br\/engenharia-civil\/wp-content\/uploads\/2026\/03\/Banner_Palestra_Rogerio-1024x457.jpg\" alt=\"\" class=\"wp-image-1047\" style=\"aspect-ratio:2.240742640270797;width:581px;height:auto\" srcset=\"https:\/\/graduacao.uel.br\/engenharia-civil\/wp-content\/uploads\/2026\/03\/Banner_Palestra_Rogerio-1024x457.jpg 1024w, https:\/\/graduacao.uel.br\/engenharia-civil\/wp-content\/uploads\/2026\/03\/Banner_Palestra_Rogerio-300x134.jpg 300w, https:\/\/graduacao.uel.br\/engenharia-civil\/wp-content\/uploads\/2026\/03\/Banner_Palestra_Rogerio-768x343.jpg 768w, https:\/\/graduacao.uel.br\/engenharia-civil\/wp-content\/uploads\/2026\/03\/Banner_Palestra_Rogerio-1536x686.jpg 1536w, https:\/\/graduacao.uel.br\/engenharia-civil\/wp-content\/uploads\/2026\/03\/Banner_Palestra_Rogerio-2048x914.jpg 2048w\" sizes=\"auto, (max-width: 1024px) 100vw, 1024px\" \/><\/figure>\n\n\n\n<figure class=\"wp-block-image size-large is-resized\"><img loading=\"lazy\" decoding=\"async\" width=\"1024\" height=\"501\" src=\"https:\/\/graduacao.uel.br\/engenharia-civil\/wp-content\/uploads\/2026\/03\/Banner_Semana_Ingressantes_2026-1024x501.png\" alt=\"\" class=\"wp-image-1046\" style=\"aspect-ratio:2.0439447338053207;width:585px;height:auto\" srcset=\"https:\/\/graduacao.uel.br\/engenharia-civil\/wp-content\/uploads\/2026\/03\/Banner_Semana_Ingressantes_2026-1024x501.png 1024w, https:\/\/graduacao.uel.br\/engenharia-civil\/wp-content\/uploads\/2026\/03\/Banner_Semana_Ingressantes_2026-300x147.png 300w, https:\/\/graduacao.uel.br\/engenharia-civil\/wp-content\/uploads\/2026\/03\/Banner_Semana_Ingressantes_2026-768x375.png 768w, https:\/\/graduacao.uel.br\/engenharia-civil\/wp-content\/uploads\/2026\/03\/Banner_Semana_Ingressantes_2026-1536x751.png 1536w, https:\/\/graduacao.uel.br\/engenharia-civil\/wp-content\/uploads\/2026\/03\/Banner_Semana_Ingressantes_2026-2048x1001.png 2048w\" sizes=\"auto, (max-width: 1024px) 100vw, 1024px\" \/><\/figure>\n\n\n\n<p><strong>Fevereiro de 2026<\/strong><\/p>\n\n\n\n<figure class=\"wp-block-image size-large is-resized\"><img loading=\"lazy\" decoding=\"async\" width=\"1024\" height=\"431\" src=\"https:\/\/graduacao.uel.br\/engenharia-civil\/wp-content\/uploads\/2026\/02\/Semana_Pedagogica_2026-1024x431.jpg\" alt=\"\" class=\"wp-image-1042\" style=\"aspect-ratio:2.3759199506942683;width:586px;height:auto\" srcset=\"https:\/\/graduacao.uel.br\/engenharia-civil\/wp-content\/uploads\/2026\/02\/Semana_Pedagogica_2026-1024x431.jpg 1024w, https:\/\/graduacao.uel.br\/engenharia-civil\/wp-content\/uploads\/2026\/02\/Semana_Pedagogica_2026-300x126.jpg 300w, https:\/\/graduacao.uel.br\/engenharia-civil\/wp-content\/uploads\/2026\/02\/Semana_Pedagogica_2026-768x323.jpg 768w, https:\/\/graduacao.uel.br\/engenharia-civil\/wp-content\/uploads\/2026\/02\/Semana_Pedagogica_2026-1536x646.jpg 1536w, https:\/\/graduacao.uel.br\/engenharia-civil\/wp-content\/uploads\/2026\/02\/Semana_Pedagogica_2026-2048x862.jpg 2048w\" sizes=\"auto, (max-width: 1024px) 100vw, 1024px\" \/><\/figure>\n\n\n\n<p><strong>Outubro de 2025<\/strong><\/p>\n\n\n\n<figure class=\"wp-block-image size-large is-resized\"><img loading=\"lazy\" decoding=\"async\" width=\"1024\" height=\"406\" src=\"https:\/\/graduacao.uel.br\/engenharia-civil\/wp-content\/uploads\/2025\/10\/Plaenge_25_10_2025-2-1024x406.jpg\" alt=\"\" class=\"wp-image-1023\" style=\"width:586px;height:auto\" srcset=\"https:\/\/graduacao.uel.br\/engenharia-civil\/wp-content\/uploads\/2025\/10\/Plaenge_25_10_2025-2-1024x406.jpg 1024w, https:\/\/graduacao.uel.br\/engenharia-civil\/wp-content\/uploads\/2025\/10\/Plaenge_25_10_2025-2-300x119.jpg 300w, https:\/\/graduacao.uel.br\/engenharia-civil\/wp-content\/uploads\/2025\/10\/Plaenge_25_10_2025-2-768x305.jpg 768w, https:\/\/graduacao.uel.br\/engenharia-civil\/wp-content\/uploads\/2025\/10\/Plaenge_25_10_2025-2-1536x609.jpg 1536w, https:\/\/graduacao.uel.br\/engenharia-civil\/wp-content\/uploads\/2025\/10\/Plaenge_25_10_2025-2-2048x812.jpg 2048w\" sizes=\"auto, (max-width: 1024px) 100vw, 1024px\" \/><\/figure>\n\n\n\n<p><strong>Agosto de 2025<\/strong><\/p>\n\n\n\n<figure class=\"wp-block-image size-large is-resized\"><img loading=\"lazy\" decoding=\"async\" width=\"1024\" height=\"428\" src=\"https:\/\/graduacao.uel.br\/engenharia-civil\/wp-content\/uploads\/2025\/07\/Visita_tecnica_Vectra_2025-1024x428.png\" alt=\"\" class=\"wp-image-1017\" style=\"width:588px;height:auto\" srcset=\"https:\/\/graduacao.uel.br\/engenharia-civil\/wp-content\/uploads\/2025\/07\/Visita_tecnica_Vectra_2025-1024x428.png 1024w, https:\/\/graduacao.uel.br\/engenharia-civil\/wp-content\/uploads\/2025\/07\/Visita_tecnica_Vectra_2025-300x125.png 300w, https:\/\/graduacao.uel.br\/engenharia-civil\/wp-content\/uploads\/2025\/07\/Visita_tecnica_Vectra_2025-768x321.png 768w, https:\/\/graduacao.uel.br\/engenharia-civil\/wp-content\/uploads\/2025\/07\/Visita_tecnica_Vectra_2025-1536x641.png 1536w, https:\/\/graduacao.uel.br\/engenharia-civil\/wp-content\/uploads\/2025\/07\/Visita_tecnica_Vectra_2025-2048x855.png 2048w\" sizes=\"auto, (max-width: 1024px) 100vw, 1024px\" \/><\/figure>\n\n\n\n<p><strong>Junho de 2025<\/strong><\/p>\n\n\n\n<figure class=\"wp-block-image size-large is-resized\"><img loading=\"lazy\" decoding=\"async\" width=\"1024\" height=\"379\" src=\"https:\/\/graduacao.uel.br\/engenharia-civil\/wp-content\/uploads\/2025\/06\/Viagem_Tecnica_Itaipu_2025-1-1024x379.jpg\" alt=\"\" class=\"wp-image-1013\" style=\"width:589px;height:auto\" srcset=\"https:\/\/graduacao.uel.br\/engenharia-civil\/wp-content\/uploads\/2025\/06\/Viagem_Tecnica_Itaipu_2025-1-1024x379.jpg 1024w, https:\/\/graduacao.uel.br\/engenharia-civil\/wp-content\/uploads\/2025\/06\/Viagem_Tecnica_Itaipu_2025-1-300x111.jpg 300w, https:\/\/graduacao.uel.br\/engenharia-civil\/wp-content\/uploads\/2025\/06\/Viagem_Tecnica_Itaipu_2025-1-768x284.jpg 768w, https:\/\/graduacao.uel.br\/engenharia-civil\/wp-content\/uploads\/2025\/06\/Viagem_Tecnica_Itaipu_2025-1-1536x569.jpg 1536w, https:\/\/graduacao.uel.br\/engenharia-civil\/wp-content\/uploads\/2025\/06\/Viagem_Tecnica_Itaipu_2025-1-2048x758.jpg 2048w\" sizes=\"auto, (max-width: 1024px) 100vw, 1024px\" \/><\/figure>\n\n\n\n<figure class=\"wp-block-image size-large is-resized\"><img loading=\"lazy\" decoding=\"async\" width=\"1024\" height=\"473\" src=\"https:\/\/graduacao.uel.br\/engenharia-civil\/wp-content\/uploads\/2025\/06\/Visita_Tecnica_AINTEC_25_06_2025-1-1024x473.jpg\" alt=\"\" class=\"wp-image-1012\" style=\"width:591px;height:auto\" srcset=\"https:\/\/graduacao.uel.br\/engenharia-civil\/wp-content\/uploads\/2025\/06\/Visita_Tecnica_AINTEC_25_06_2025-1-1024x473.jpg 1024w, https:\/\/graduacao.uel.br\/engenharia-civil\/wp-content\/uploads\/2025\/06\/Visita_Tecnica_AINTEC_25_06_2025-1-300x139.jpg 300w, https:\/\/graduacao.uel.br\/engenharia-civil\/wp-content\/uploads\/2025\/06\/Visita_Tecnica_AINTEC_25_06_2025-1-768x355.jpg 768w, https:\/\/graduacao.uel.br\/engenharia-civil\/wp-content\/uploads\/2025\/06\/Visita_Tecnica_AINTEC_25_06_2025-1-1536x710.jpg 1536w, https:\/\/graduacao.uel.br\/engenharia-civil\/wp-content\/uploads\/2025\/06\/Visita_Tecnica_AINTEC_25_06_2025-1-2048x947.jpg 2048w\" sizes=\"auto, (max-width: 1024px) 100vw, 1024px\" \/><\/figure>\n\n\n\n<p><strong>Mar\u00e7o de 2025<\/strong><\/p>\n\n\n\n<figure class=\"wp-block-image size-large is-resized\"><img loading=\"lazy\" decoding=\"async\" width=\"1024\" height=\"529\" src=\"https:\/\/graduacao.uel.br\/engenharia-civil\/wp-content\/uploads\/2025\/02\/Imagem1-1024x529.jpg\" alt=\"\" class=\"wp-image-997\" style=\"width:597px;height:auto\" srcset=\"https:\/\/graduacao.uel.br\/engenharia-civil\/wp-content\/uploads\/2025\/02\/Imagem1-1024x529.jpg 1024w, https:\/\/graduacao.uel.br\/engenharia-civil\/wp-content\/uploads\/2025\/02\/Imagem1-300x155.jpg 300w, https:\/\/graduacao.uel.br\/engenharia-civil\/wp-content\/uploads\/2025\/02\/Imagem1-768x397.jpg 768w, https:\/\/graduacao.uel.br\/engenharia-civil\/wp-content\/uploads\/2025\/02\/Imagem1-1536x794.jpg 1536w, https:\/\/graduacao.uel.br\/engenharia-civil\/wp-content\/uploads\/2025\/02\/Imagem1-2048x1058.jpg 2048w\" sizes=\"auto, (max-width: 1024px) 100vw, 1024px\" \/><\/figure>\n\n\n\n<p><strong>Fevereiro de 2025<\/strong><\/p>\n\n\n\n<figure class=\"wp-block-image size-large is-resized\"><img loading=\"lazy\" decoding=\"async\" width=\"1024\" height=\"408\" src=\"https:\/\/graduacao.uel.br\/engenharia-civil\/wp-content\/uploads\/2025\/02\/Semana_Pedagogica_2025-1024x408.jpg\" alt=\"\" class=\"wp-image-1001\" style=\"width:591px;height:auto\" srcset=\"https:\/\/graduacao.uel.br\/engenharia-civil\/wp-content\/uploads\/2025\/02\/Semana_Pedagogica_2025-1024x408.jpg 1024w, https:\/\/graduacao.uel.br\/engenharia-civil\/wp-content\/uploads\/2025\/02\/Semana_Pedagogica_2025-300x119.jpg 300w, https:\/\/graduacao.uel.br\/engenharia-civil\/wp-content\/uploads\/2025\/02\/Semana_Pedagogica_2025-768x306.jpg 768w, https:\/\/graduacao.uel.br\/engenharia-civil\/wp-content\/uploads\/2025\/02\/Semana_Pedagogica_2025-1536x612.jpg 1536w, https:\/\/graduacao.uel.br\/engenharia-civil\/wp-content\/uploads\/2025\/02\/Semana_Pedagogica_2025-2048x816.jpg 2048w\" sizes=\"auto, (max-width: 1024px) 100vw, 1024px\" \/><\/figure>\n\n\n\n<figure class=\"wp-block-image size-large is-resized\"><img loading=\"lazy\" decoding=\"async\" width=\"1024\" height=\"510\" src=\"https:\/\/graduacao.uel.br\/engenharia-civil\/wp-content\/uploads\/2025\/02\/Folder_cancelado-1024x510.jpg\" alt=\"\" class=\"wp-image-999\" style=\"width:595px;height:auto\" srcset=\"https:\/\/graduacao.uel.br\/engenharia-civil\/wp-content\/uploads\/2025\/02\/Folder_cancelado-1024x510.jpg 1024w, https:\/\/graduacao.uel.br\/engenharia-civil\/wp-content\/uploads\/2025\/02\/Folder_cancelado-300x149.jpg 300w, https:\/\/graduacao.uel.br\/engenharia-civil\/wp-content\/uploads\/2025\/02\/Folder_cancelado-768x382.jpg 768w, https:\/\/graduacao.uel.br\/engenharia-civil\/wp-content\/uploads\/2025\/02\/Folder_cancelado-1536x764.jpg 1536w, https:\/\/graduacao.uel.br\/engenharia-civil\/wp-content\/uploads\/2025\/02\/Folder_cancelado-2048x1019.jpg 2048w\" sizes=\"auto, (max-width: 1024px) 100vw, 1024px\" \/><\/figure>\n\n\n\n<p><strong>Janeiro de 2025<\/strong><\/p>\n\n\n\n<figure class=\"wp-block-image size-large is-resized\"><a href=\"https:\/\/www.sistemasweb.uel.br\/index.php?contents=system\/insc\/index.php&amp;pagina=view\/inscricoes\/seleciona_evento.php&amp;cod_evento=10111\" target=\"_blank\" rel=\" noreferrer noopener\"><img loading=\"lazy\" decoding=\"async\" width=\"1024\" height=\"492\" src=\"https:\/\/graduacao.uel.br\/engenharia-civil\/wp-content\/uploads\/2025\/01\/MSE_28012025-1024x492.jpg\" alt=\"\" class=\"wp-image-989\" style=\"width:608px;height:auto\" srcset=\"https:\/\/graduacao.uel.br\/engenharia-civil\/wp-content\/uploads\/2025\/01\/MSE_28012025-1024x492.jpg 1024w, https:\/\/graduacao.uel.br\/engenharia-civil\/wp-content\/uploads\/2025\/01\/MSE_28012025-300x144.jpg 300w, https:\/\/graduacao.uel.br\/engenharia-civil\/wp-content\/uploads\/2025\/01\/MSE_28012025-768x369.jpg 768w, https:\/\/graduacao.uel.br\/engenharia-civil\/wp-content\/uploads\/2025\/01\/MSE_28012025-1536x737.jpg 1536w, https:\/\/graduacao.uel.br\/engenharia-civil\/wp-content\/uploads\/2025\/01\/MSE_28012025-2048x983.jpg 2048w\" sizes=\"auto, (max-width: 1024px) 100vw, 1024px\" \/><\/a><\/figure>\n\n\n\n<p><strong>Dezembro de   2024<\/strong><\/p>\n\n\n\n<figure class=\"wp-block-image size-large is-resized\"><img loading=\"lazy\" decoding=\"async\" width=\"1024\" height=\"410\" src=\"https:\/\/graduacao.uel.br\/engenharia-civil\/wp-content\/uploads\/2024\/12\/Plaenge_12122024-1024x410.jpg\" alt=\"\" class=\"wp-image-978\" style=\"width:620px;height:auto\" srcset=\"https:\/\/graduacao.uel.br\/engenharia-civil\/wp-content\/uploads\/2024\/12\/Plaenge_12122024-1024x410.jpg 1024w, https:\/\/graduacao.uel.br\/engenharia-civil\/wp-content\/uploads\/2024\/12\/Plaenge_12122024-300x120.jpg 300w, https:\/\/graduacao.uel.br\/engenharia-civil\/wp-content\/uploads\/2024\/12\/Plaenge_12122024-768x307.jpg 768w, https:\/\/graduacao.uel.br\/engenharia-civil\/wp-content\/uploads\/2024\/12\/Plaenge_12122024-1536x614.jpg 1536w, https:\/\/graduacao.uel.br\/engenharia-civil\/wp-content\/uploads\/2024\/12\/Plaenge_12122024-2048x819.jpg 2048w\" sizes=\"auto, (max-width: 1024px) 100vw, 1024px\" \/><\/figure>\n\n\n\n<p><strong>Novembro de 2024<\/strong><\/p>\n\n\n\n<figure class=\"wp-block-image size-large is-resized\"><img loading=\"lazy\" decoding=\"async\" width=\"1024\" height=\"376\" src=\"https:\/\/graduacao.uel.br\/engenharia-civil\/wp-content\/uploads\/2024\/10\/Cartaz_Rottas_12112024-1024x376.png\" alt=\"\" class=\"wp-image-970\" style=\"width:620px;height:auto\" srcset=\"https:\/\/graduacao.uel.br\/engenharia-civil\/wp-content\/uploads\/2024\/10\/Cartaz_Rottas_12112024-1024x376.png 1024w, https:\/\/graduacao.uel.br\/engenharia-civil\/wp-content\/uploads\/2024\/10\/Cartaz_Rottas_12112024-300x110.png 300w, https:\/\/graduacao.uel.br\/engenharia-civil\/wp-content\/uploads\/2024\/10\/Cartaz_Rottas_12112024-768x282.png 768w, https:\/\/graduacao.uel.br\/engenharia-civil\/wp-content\/uploads\/2024\/10\/Cartaz_Rottas_12112024-1536x563.png 1536w, https:\/\/graduacao.uel.br\/engenharia-civil\/wp-content\/uploads\/2024\/10\/Cartaz_Rottas_12112024-2048x751.png 2048w\" sizes=\"auto, (max-width: 1024px) 100vw, 1024px\" \/><\/figure>\n\n\n\n<p><strong>Setembro de 2024<\/strong><\/p>\n\n\n\n<figure class=\"wp-block-image size-large is-resized\"><a href=\"https:\/\/www.sistemasweb.uel.br\/index.php?contents=system\/insc\/index.php&amp;pagina=view\/inscricoes\/seleciona_evento.php&amp;cod_evento=9735\" target=\"_blank\" rel=\"noreferrer noopener\"><img loading=\"lazy\" decoding=\"async\" width=\"1024\" height=\"406\" src=\"https:\/\/graduacao.uel.br\/engenharia-civil\/wp-content\/uploads\/2024\/09\/Roda_Conversa-1024x406.jpg\" alt=\"\" class=\"wp-image-949\" style=\"width:624px;height:auto\" srcset=\"https:\/\/graduacao.uel.br\/engenharia-civil\/wp-content\/uploads\/2024\/09\/Roda_Conversa-1024x406.jpg 1024w, https:\/\/graduacao.uel.br\/engenharia-civil\/wp-content\/uploads\/2024\/09\/Roda_Conversa-300x119.jpg 300w, https:\/\/graduacao.uel.br\/engenharia-civil\/wp-content\/uploads\/2024\/09\/Roda_Conversa-768x304.jpg 768w, https:\/\/graduacao.uel.br\/engenharia-civil\/wp-content\/uploads\/2024\/09\/Roda_Conversa-1536x609.jpg 1536w, https:\/\/graduacao.uel.br\/engenharia-civil\/wp-content\/uploads\/2024\/09\/Roda_Conversa-2048x811.jpg 2048w\" sizes=\"auto, (max-width: 1024px) 100vw, 1024px\" \/><\/a><\/figure>\n\n\n\n<figure class=\"wp-block-image size-large is-resized\"><a href=\"https:\/\/www.sistemasweb.uel.br\/index.php?contents=system\/insc\/index.php&amp;pagina=view\/inscricoes\/seleciona_evento.php&amp;cod_evento=9671\" target=\"_blank\" rel=\"noreferrer noopener\"><img loading=\"lazy\" decoding=\"async\" width=\"1024\" height=\"504\" src=\"https:\/\/graduacao.uel.br\/engenharia-civil\/wp-content\/uploads\/2024\/09\/Imagem10-1024x504.jpg\" alt=\"\" class=\"wp-image-945\" style=\"width:626px;height:auto\" srcset=\"https:\/\/graduacao.uel.br\/engenharia-civil\/wp-content\/uploads\/2024\/09\/Imagem10-1024x504.jpg 1024w, https:\/\/graduacao.uel.br\/engenharia-civil\/wp-content\/uploads\/2024\/09\/Imagem10-300x148.jpg 300w, https:\/\/graduacao.uel.br\/engenharia-civil\/wp-content\/uploads\/2024\/09\/Imagem10-768x378.jpg 768w, https:\/\/graduacao.uel.br\/engenharia-civil\/wp-content\/uploads\/2024\/09\/Imagem10-1536x756.jpg 1536w, https:\/\/graduacao.uel.br\/engenharia-civil\/wp-content\/uploads\/2024\/09\/Imagem10-2048x1009.jpg 2048w\" sizes=\"auto, (max-width: 1024px) 100vw, 1024px\" \/><\/a><\/figure>\n\n\n\n<figure class=\"wp-block-image size-large is-resized\"><a href=\"https:\/\/www.sistemasweb.uel.br\/index.php?contents=system\/insc\/index.php&amp;pagina=view\/inscricoes\/seleciona_evento.php&amp;cod_evento=9627\" target=\"_blank\" rel=\"noreferrer noopener\"><img loading=\"lazy\" decoding=\"async\" width=\"1024\" height=\"530\" src=\"https:\/\/graduacao.uel.br\/engenharia-civil\/wp-content\/uploads\/2024\/09\/Retorno-2-1024x530.jpg\" alt=\"\" class=\"wp-image-953\" style=\"width:626px;height:auto\" srcset=\"https:\/\/graduacao.uel.br\/engenharia-civil\/wp-content\/uploads\/2024\/09\/Retorno-2-1024x530.jpg 1024w, https:\/\/graduacao.uel.br\/engenharia-civil\/wp-content\/uploads\/2024\/09\/Retorno-2-300x155.jpg 300w, https:\/\/graduacao.uel.br\/engenharia-civil\/wp-content\/uploads\/2024\/09\/Retorno-2-768x398.jpg 768w, https:\/\/graduacao.uel.br\/engenharia-civil\/wp-content\/uploads\/2024\/09\/Retorno-2-1536x796.jpg 1536w, https:\/\/graduacao.uel.br\/engenharia-civil\/wp-content\/uploads\/2024\/09\/Retorno-2-2048x1061.jpg 2048w\" sizes=\"auto, (max-width: 1024px) 100vw, 1024px\" \/><\/a><\/figure>\n\n\n\n<p><strong>Agosto de 2024<\/strong><\/p>\n\n\n\n<figure class=\"wp-block-image size-large is-resized\"><img loading=\"lazy\" decoding=\"async\" width=\"1024\" height=\"442\" src=\"https:\/\/graduacao.uel.br\/engenharia-civil\/wp-content\/uploads\/2024\/08\/Imagem1-1-1024x442.jpg\" alt=\"\" class=\"wp-image-927\" style=\"width:631px;height:auto\" srcset=\"https:\/\/graduacao.uel.br\/engenharia-civil\/wp-content\/uploads\/2024\/08\/Imagem1-1-1024x442.jpg 1024w, https:\/\/graduacao.uel.br\/engenharia-civil\/wp-content\/uploads\/2024\/08\/Imagem1-1-300x130.jpg 300w, https:\/\/graduacao.uel.br\/engenharia-civil\/wp-content\/uploads\/2024\/08\/Imagem1-1-768x332.jpg 768w, https:\/\/graduacao.uel.br\/engenharia-civil\/wp-content\/uploads\/2024\/08\/Imagem1-1-1536x664.jpg 1536w, https:\/\/graduacao.uel.br\/engenharia-civil\/wp-content\/uploads\/2024\/08\/Imagem1-1-2048x885.jpg 2048w\" sizes=\"auto, (max-width: 1024px) 100vw, 1024px\" \/><\/figure>\n\n\n\n<p><strong>Julho de 2024<\/strong><\/p>\n\n\n\n<figure class=\"wp-block-image size-large is-resized\"><img loading=\"lazy\" decoding=\"async\" width=\"724\" height=\"1024\" src=\"https:\/\/graduacao.uel.br\/engenharia-civil\/wp-content\/uploads\/2024\/07\/cartaz-724x1024.jpg\" alt=\"\" class=\"wp-image-913\" style=\"width:277px;height:auto\" srcset=\"https:\/\/graduacao.uel.br\/engenharia-civil\/wp-content\/uploads\/2024\/07\/cartaz-724x1024.jpg 724w, https:\/\/graduacao.uel.br\/engenharia-civil\/wp-content\/uploads\/2024\/07\/cartaz-212x300.jpg 212w, https:\/\/graduacao.uel.br\/engenharia-civil\/wp-content\/uploads\/2024\/07\/cartaz-768x1087.jpg 768w, https:\/\/graduacao.uel.br\/engenharia-civil\/wp-content\/uploads\/2024\/07\/cartaz-1086x1536.jpg 1086w, https:\/\/graduacao.uel.br\/engenharia-civil\/wp-content\/uploads\/2024\/07\/cartaz-1447x2048.jpg 1447w, https:\/\/graduacao.uel.br\/engenharia-civil\/wp-content\/uploads\/2024\/07\/cartaz-scaled.jpg 1809w\" sizes=\"auto, (max-width: 724px) 100vw, 724px\" \/><\/figure>\n\n\n\n<p><strong>Junho de 2024<\/strong><\/p>\n\n\n\n<p><strong>Semana de Recep\u00e7\u00e3o aos Ingressantes da Engenharia Civil<\/strong><\/p>\n\n\n\n<p><strong>Inscri\u00e7\u00f5es:<\/strong> <a href=\"http:\/\/www.uel.br\/eventos\/insc\/?id=9265\" target=\"_blank\" rel=\"noreferrer noopener\">http:\/\/www.uel.br\/eventos\/insc\/?id=9265<\/a><\/p>\n\n\n\n<p><strong>Programa\u00e7\u00e3o<\/strong><\/p>\n\n\n\n<figure class=\"wp-block-image size-large is-resized\"><img loading=\"lazy\" decoding=\"async\" width=\"1024\" height=\"659\" src=\"https:\/\/graduacao.uel.br\/engenharia-civil\/wp-content\/uploads\/2024\/06\/Imagem1-1024x659.png\" alt=\"\" class=\"wp-image-895\" style=\"width:1090px;height:auto\" srcset=\"https:\/\/graduacao.uel.br\/engenharia-civil\/wp-content\/uploads\/2024\/06\/Imagem1-1024x659.png 1024w, https:\/\/graduacao.uel.br\/engenharia-civil\/wp-content\/uploads\/2024\/06\/Imagem1-300x193.png 300w, https:\/\/graduacao.uel.br\/engenharia-civil\/wp-content\/uploads\/2024\/06\/Imagem1-768x494.png 768w, https:\/\/graduacao.uel.br\/engenharia-civil\/wp-content\/uploads\/2024\/06\/Imagem1-1536x988.png 1536w, https:\/\/graduacao.uel.br\/engenharia-civil\/wp-content\/uploads\/2024\/06\/Imagem1-2048x1318.png 2048w\" sizes=\"auto, (max-width: 1024px) 100vw, 1024px\" \/><\/figure>\n\n\n\n<div class=\"wp-block-pb-accordion-item c-accordion__item js-accordion-item no-js\" data-initially-open=\"false\" data-click-to-close=\"true\" data-auto-close=\"true\" data-scroll=\"false\" data-scroll-offset=\"0\"><h5 id=\"at-1040\" class=\"c-accordion__title js-accordion-controller\" role=\"button\"><br>Mar\u00e7o de 2024<\/h5><div id=\"ac-1040\" class=\"c-accordion__content\">\n<figure class=\"wp-block-image size-large is-resized\"><img loading=\"lazy\" decoding=\"async\" width=\"1024\" height=\"459\" src=\"https:\/\/graduacao.uel.br\/engenharia-civil\/wp-content\/uploads\/2024\/03\/Cartaz_inscricao_QRCode-1024x459.jpg\" alt=\"\" class=\"wp-image-866\" style=\"width:528px;height:auto\" srcset=\"https:\/\/graduacao.uel.br\/engenharia-civil\/wp-content\/uploads\/2024\/03\/Cartaz_inscricao_QRCode-1024x459.jpg 1024w, https:\/\/graduacao.uel.br\/engenharia-civil\/wp-content\/uploads\/2024\/03\/Cartaz_inscricao_QRCode-300x135.jpg 300w, https:\/\/graduacao.uel.br\/engenharia-civil\/wp-content\/uploads\/2024\/03\/Cartaz_inscricao_QRCode-768x345.jpg 768w, https:\/\/graduacao.uel.br\/engenharia-civil\/wp-content\/uploads\/2024\/03\/Cartaz_inscricao_QRCode-1536x689.jpg 1536w, https:\/\/graduacao.uel.br\/engenharia-civil\/wp-content\/uploads\/2024\/03\/Cartaz_inscricao_QRCode-2048x919.jpg 2048w\" sizes=\"auto, (max-width: 1024px) 100vw, 1024px\" \/><\/figure>\n<\/div><\/div>\n\n\n\n<figure class=\"wp-block-image size-large is-resized\"><img loading=\"lazy\" decoding=\"async\" width=\"762\" height=\"1024\" src=\"https:\/\/graduacao.uel.br\/engenharia-civil\/wp-content\/uploads\/2024\/03\/Arte_SETI_UEL_TCE_CREA_PR-762x1024.jpg\" alt=\"\" class=\"wp-image-869\" style=\"width:524px;height:auto\" srcset=\"https:\/\/graduacao.uel.br\/engenharia-civil\/wp-content\/uploads\/2024\/03\/Arte_SETI_UEL_TCE_CREA_PR-762x1024.jpg 762w, https:\/\/graduacao.uel.br\/engenharia-civil\/wp-content\/uploads\/2024\/03\/Arte_SETI_UEL_TCE_CREA_PR-223x300.jpg 223w, https:\/\/graduacao.uel.br\/engenharia-civil\/wp-content\/uploads\/2024\/03\/Arte_SETI_UEL_TCE_CREA_PR-768x1032.jpg 768w, https:\/\/graduacao.uel.br\/engenharia-civil\/wp-content\/uploads\/2024\/03\/Arte_SETI_UEL_TCE_CREA_PR.jpg 953w\" sizes=\"auto, (max-width: 762px) 100vw, 762px\" \/><\/figure>\n\n\n\n<div class=\"wp-block-pb-accordion-item c-accordion__item js-accordion-item no-js\" data-initially-open=\"false\" data-click-to-close=\"true\" data-auto-close=\"true\" data-scroll=\"false\" data-scroll-offset=\"0\"><h5 id=\"at-1041\" class=\"c-accordion__title js-accordion-controller\" role=\"button\">Abril de 2024<br><\/h5><div id=\"ac-1041\" class=\"c-accordion__content\">\n<figure class=\"wp-block-image size-large is-resized\"><img loading=\"lazy\" decoding=\"async\" width=\"1024\" height=\"380\" src=\"https:\/\/graduacao.uel.br\/engenharia-civil\/wp-content\/uploads\/2024\/03\/Arte_Divulgacao_QR_Code-1024x380.jpg\" alt=\"\" class=\"wp-image-870\" style=\"width:524px;height:auto\" srcset=\"https:\/\/graduacao.uel.br\/engenharia-civil\/wp-content\/uploads\/2024\/03\/Arte_Divulgacao_QR_Code-1024x380.jpg 1024w, https:\/\/graduacao.uel.br\/engenharia-civil\/wp-content\/uploads\/2024\/03\/Arte_Divulgacao_QR_Code-300x111.jpg 300w, https:\/\/graduacao.uel.br\/engenharia-civil\/wp-content\/uploads\/2024\/03\/Arte_Divulgacao_QR_Code-768x285.jpg 768w, https:\/\/graduacao.uel.br\/engenharia-civil\/wp-content\/uploads\/2024\/03\/Arte_Divulgacao_QR_Code-1536x570.jpg 1536w, https:\/\/graduacao.uel.br\/engenharia-civil\/wp-content\/uploads\/2024\/03\/Arte_Divulgacao_QR_Code-2048x760.jpg 2048w\" sizes=\"auto, (max-width: 1024px) 100vw, 1024px\" \/><\/figure>\n<\/div><\/div>\n\n\n\n<figure class=\"wp-block-image size-large is-resized\"><img loading=\"lazy\" decoding=\"async\" width=\"724\" height=\"1024\" src=\"https:\/\/graduacao.uel.br\/engenharia-civil\/wp-content\/uploads\/2024\/03\/Arte_Divulgacao_QR_Code-1-724x1024.jpg\" alt=\"\" class=\"wp-image-871\" style=\"width:527px;height:auto\" srcset=\"https:\/\/graduacao.uel.br\/engenharia-civil\/wp-content\/uploads\/2024\/03\/Arte_Divulgacao_QR_Code-1-724x1024.jpg 724w, https:\/\/graduacao.uel.br\/engenharia-civil\/wp-content\/uploads\/2024\/03\/Arte_Divulgacao_QR_Code-1-212x300.jpg 212w, https:\/\/graduacao.uel.br\/engenharia-civil\/wp-content\/uploads\/2024\/03\/Arte_Divulgacao_QR_Code-1-768x1086.jpg 768w, https:\/\/graduacao.uel.br\/engenharia-civil\/wp-content\/uploads\/2024\/03\/Arte_Divulgacao_QR_Code-1-1086x1536.jpg 1086w, https:\/\/graduacao.uel.br\/engenharia-civil\/wp-content\/uploads\/2024\/03\/Arte_Divulgacao_QR_Code-1-1448x2048.jpg 1448w, https:\/\/graduacao.uel.br\/engenharia-civil\/wp-content\/uploads\/2024\/03\/Arte_Divulgacao_QR_Code-1.jpg 1750w\" sizes=\"auto, (max-width: 724px) 100vw, 724px\" \/><\/figure>\n\n\n\n<div class=\"wp-block-pb-accordion-item c-accordion__item js-accordion-item no-js\" data-initially-open=\"false\" data-click-to-close=\"true\" data-auto-close=\"true\" data-scroll=\"false\" data-scroll-offset=\"0\"><h5 id=\"at-1042\" class=\"c-accordion__title js-accordion-controller\" role=\"button\"><\/h5><div id=\"ac-1042\" class=\"c-accordion__content\"><\/div><\/div>\n\n\n\n<p><\/p>\n\n\n\n<div class=\"wp-block-pb-accordion-item c-accordion__item js-accordion-item no-js\" data-initially-open=\"false\" data-click-to-close=\"true\" data-auto-close=\"true\" data-scroll=\"false\" data-scroll-offset=\"0\"><h5 id=\"at-1043\" class=\"c-accordion__title js-accordion-controller\" role=\"button\"><\/h5><div id=\"ac-1043\" class=\"c-accordion__content\">\n<p><\/p>\n\n\n\n<p><\/p>\n\n\n\n<p><\/p>\n<\/div><\/div>\n\n\n\n<div style=\"height:32px\" aria-hidden=\"true\" class=\"wp-block-spacer\"><\/div>\n\n\n\n<p><\/p>\n\n\n\n<p class=\"has-primary-accent-color has-text-color has-link-color wp-elements-4e339bfd6b3a2223d933e75ecb35a1f1\"><strong>EVENTOS DIVERSOS<\/strong> <strong>NA UEL<\/strong><\/p>\n\n\n\n                <div class=\"feed-noticias-perobal alm-listing alm-ajax alm-has-transition\" id=\"feed-noticias-perobal-evento\"><a class=\"noticia-feed d-flex flex-column flex-md-row align-items-start\" href=\"https:\/\/operobal.uel.br\/sociedade\/2026\/04\/23\/com-protagonismo-da-uel-fazendinha-encerra-edicao-2026-como-espaco-de-extensao-inovacao-e-formacao\/\">\n                                                    <img decoding=\"async\" class=\"lazy entered loaded\" src=\"https:\/\/operobal.uel.br\/wp-content\/uploads\/2026\/04\/FOTOS-MURILO-2-scaled.jpg\"\/>    \n                                                    <article class=\"ml-0 ml-md-4 corpo-noticia-feed\">\n                                                        <p class=\"antetitulo mb-0\">Avalia\u00e7\u00e3o<\/p>\n                                                        <p class=\"titulo mb-2\">Com protagonismo da UEL, Fazendinha encerra edi\u00e7\u00e3o 2026 como espa\u00e7o de extens\u00e3o, inova\u00e7\u00e3o e forma\u00e7\u00e3o<\/p>\n                                                        <p class=\"descricao\">Milhares de visitantes passaram pelo espa\u00e7o coordenado pela Universidade e pelo IDR-PR durante a ExpoLondrina 2026. <\/p>\n                                                    <\/article>\n                                                <\/a><hr class=\"mt-4 mb-4 d-none d-md-block\"><a class=\"noticia-feed d-flex flex-column flex-md-row align-items-start\" href=\"https:\/\/operobal.uel.br\/comunidade\/2026\/04\/10\/uel-celebra-a-presenca-indigena-com-eventos-dedicados-aos-saberes-tradicionais-artes-ciencia-e-conscientizacao\/\">\n                                                    <img decoding=\"async\" class=\"lazy entered loaded\" src=\"https:\/\/operobal.uel.br\/wp-content\/uploads\/2026\/04\/f29222ea-5d93-4d19-9084-d06cca1adad6.jpeg\"\/>    \n                                                    <article class=\"ml-0 ml-md-4 corpo-noticia-feed\">\n                                                        <p class=\"antetitulo mb-0\">Abril Ind\u00edgena<\/p>\n                                                        <p class=\"titulo mb-2\">UEL celebra presen\u00e7a ind\u00edgena com eventos dedicados aos saberes tradicionais, artes e ci\u00eancia<\/p>\n                                                        <p class=\"descricao\">O evento recorrente aproveita o m\u00eas do Dia dos Povos Ind\u00edgenas para celebrar a presen\u00e7a dos povos origin\u00e1rios na UEL.<\/p>\n                                                    <\/article>\n                                                <\/a><hr class=\"mt-4 mb-4 d-none d-md-block\"><a class=\"noticia-feed d-flex flex-column flex-md-row align-items-start\" href=\"https:\/\/operobal.uel.br\/clch\/2026\/04\/09\/escrita-criativa-e-tema-de-encontro-com-oficinas-e-palestras\/\">\n                                                    <img decoding=\"async\" class=\"lazy entered loaded\" src=\"https:\/\/operobal.uel.br\/wp-content\/uploads\/2026\/04\/fotografierende-write-4491459-scaled.jpg\"\/>    \n                                                    <article class=\"ml-0 ml-md-4 corpo-noticia-feed\">\n                                                        <p class=\"antetitulo mb-0\">Literatura<\/p>\n                                                        <p class=\"titulo mb-2\">Escrita Criativa \u00e9 tema de encontro com oficinas e palestras<\/p>\n                                                        <p class=\"descricao\">Comunidade interna e externa poder\u00e1 participar de palestras, bate-papos e oficinas com convidados sobre temas diversos.\n<\/p>\n                                                    <\/article>\n                                                <\/a><hr class=\"mt-4 mb-4 d-none d-md-block\"><a class=\"noticia-feed d-flex flex-column flex-md-row align-items-start\" href=\"https:\/\/operobal.uel.br\/ultimas\/2026\/04\/08\/evento-analisa-ligacoes-entre-meio-ambiente-e-tecnologia\/\">\n                                                    <img decoding=\"async\" class=\"lazy entered loaded\" src=\"https:\/\/operobal.uel.br\/wp-content\/uploads\/2026\/04\/brianpenny-ai-generated-8540921_1280.jpg\"\/>    \n                                                    <article class=\"ml-0 ml-md-4 corpo-noticia-feed\">\n                                                        <p class=\"antetitulo mb-0\">Direito Ambiental<\/p>\n                                                        <p class=\"titulo mb-2\">Evento analisa liga\u00e7\u00f5es entre meio ambiente e tecnologia<\/p>\n                                                        <p class=\"descricao\">Encontro on-line vai discutir temas como big techs, intelig\u00eancia artificial e meio ambiente digital.<\/p>\n                                                    <\/article>\n                                                <\/a><hr class=\"mt-4 mb-4 d-none d-md-block\"><a class=\"noticia-feed d-flex flex-column flex-md-row align-items-start\" href=\"https:\/\/operobal.uel.br\/cesa\/2026\/03\/24\/unati-abre-programacao-de-2026-com-palestra-sobre-saude-para-idosos\/\">\n                                                    <img decoding=\"async\" class=\"lazy entered loaded\" src=\"https:\/\/operobal.uel.br\/wp-content\/uploads\/2021\/08\/unati-uel-4.jpg\"\/>    \n                                                    <article class=\"ml-0 ml-md-4 corpo-noticia-feed\">\n                                                        <p class=\"antetitulo mb-0\">Terceira Idade<\/p>\n                                                        <p class=\"titulo mb-2\">Unati abre programa\u00e7\u00e3o de 2026 com palestra sobre sa\u00fade para idosos<\/p>\n                                                        <p class=\"descricao\">Evento gratuito marca in\u00edcio das atividades com palestras e homenagens a pessoas de refer\u00eancia na \u00e1rea do envelhecimento saud\u00e1vel.<\/p>\n                                                    <\/article>\n                                                <\/a><\/div><button id=\"feed-noticias-perobal-load-moreevento\" type=\"button\" class=\"feed-noticias-button\" data-endpoint=\"https:\/\/operobal.uel.br\/wp-json\/wp-perobal\/v1\/posts\/tags\/evento?numberposts=50\" data-ppp=\"5\" data-pages=\"5\">Leia mais<\/button>","protected":false},"excerpt":{"rendered":"<p>Abril 2026 local: sala 1020-CTU inscri\u00e7\u00f5es: http:\/\/www.uel.br\/eventos\/sigec\/?id=11834 . . . INSCRI\u00c7\u00d5ES: http:\/\/www.uel.br\/eventos\/insc\/?id=11795 Mar\u00e7o de 2026 Fevereiro de 2026 Outubro de 2025 Agosto de 2025 Junho de 2025 Mar\u00e7o de 2025 Fevereiro de 2025 Janeiro de 2025 Dezembro de 2024 Novembro de 2024 Setembro de 2024 Agosto de 2024 Julho de 2024 Junho de 2024 Semana [&hellip;]<\/p>\n","protected":false},"author":8,"featured_media":0,"parent":0,"menu_order":0,"comment_status":"closed","ping_status":"closed","template":"","meta":{"_acf_changed":false,"footnotes":""},"class_list":["post-104","page","type-page","status-publish","hentry"],"acf":[],"_links":{"self":[{"href":"https:\/\/graduacao.uel.br\/engenharia-civil\/wp-json\/wp\/v2\/pages\/104","targetHints":{"allow":["GET"]}}],"collection":[{"href":"https:\/\/graduacao.uel.br\/engenharia-civil\/wp-json\/wp\/v2\/pages"}],"about":[{"href":"https:\/\/graduacao.uel.br\/engenharia-civil\/wp-json\/wp\/v2\/types\/page"}],"author":[{"embeddable":true,"href":"https:\/\/graduacao.uel.br\/engenharia-civil\/wp-json\/wp\/v2\/users\/8"}],"replies":[{"embeddable":true,"href":"https:\/\/graduacao.uel.br\/engenharia-civil\/wp-json\/wp\/v2\/comments?post=104"}],"version-history":[{"count":128,"href":"https:\/\/graduacao.uel.br\/engenharia-civil\/wp-json\/wp\/v2\/pages\/104\/revisions"}],"predecessor-version":[{"id":1067,"href":"https:\/\/graduacao.uel.br\/engenharia-civil\/wp-json\/wp\/v2\/pages\/104\/revisions\/1067"}],"wp:attachment":[{"href":"https:\/\/graduacao.uel.br\/engenharia-civil\/wp-json\/wp\/v2\/media?parent=104"}],"curies":[{"name":"wp","href":"https:\/\/api.w.org\/{rel}","templated":true}]}}