{"id":17,"date":"2024-07-12T17:45:49","date_gmt":"2024-07-12T20:45:49","guid":{"rendered":"https:\/\/graduacao.uel.br\/fisioterapia\/?page_id=17"},"modified":"2025-07-29T15:00:27","modified_gmt":"2025-07-29T18:00:27","slug":"eventos","status":"publish","type":"page","link":"https:\/\/graduacao.uel.br\/fisioterapia\/eventos\/","title":{"rendered":"Eventos"},"content":{"rendered":"\n<p class=\"wp-block-paragraph\">Conhe\u00e7a os Eventos que est\u00e3o acontecendo na UEL e os que est\u00e3o para acontecer:<\/p>\n\n\n\n<div class=\"wp-block-columns is-layout-flex wp-container-core-columns-is-layout-8f761849 wp-block-columns-is-layout-flex\">\n<div class=\"wp-block-column is-layout-flow wp-block-column-is-layout-flow\">\n<p class=\"wp-block-paragraph\"><\/p>\n\n\n\n<p class=\"wp-block-paragraph\"><strong>V Jornada de Apresenta\u00e7\u00e3o de Trabalho de Conclus\u00e3o de Curso da Fisioterapia<\/strong><\/p>\n\n\n\n<p class=\"wp-block-paragraph\">05\/12\/2025. Inscri\u00e7\u00f5es em breve.<\/p>\n<\/div>\n<\/div>\n\n\n\n<p class=\"has-primary-accent-color has-text-color has-link-color has-medium-font-size wp-elements-1 wp-block-paragraph\"><strong>Eventos diversos na UEL<\/strong><\/p>\n\n\n\n                <div class=\"feed-noticias-perobal alm-listing alm-ajax alm-has-transition\" id=\"feed-noticias-perobal-evento\"><a class=\"noticia-feed d-flex flex-column flex-md-row align-items-start\" href=\"https:\/\/operobal.uel.br\/ciencia\/2026\/08\/31\/37a-semat-grandes-nomes-pesquisa-e-do-ensino-no-brasil\/\">\n                                                    <img decoding=\"async\" class=\"lazy entered loaded\" src=\"https:\/\/operobal.uel.br\/wp-content\/uploads\/2026\/08\/SEMAT-Aula-Magna-Dra.-Juliana-Roberta-Theodoro-2.jpg\"\/>    \n                                                    <article class=\"ml-0 ml-md-4 corpo-noticia-feed\">\n                                                        <p class=\"antetitulo mb-0\">Evento<\/p>\n                                                        <p class=\"titulo mb-2\">37\u00aa Semana da Matem\u00e1tica re\u00fane grandes nomes brasileiros da pesquisa e do ensino<\/p>\n                                                        <p class=\"descricao\">Com maioria feminina entre os palestrantes, evento debate de equa\u00e7\u00f5es complexas e modelagem social \u00e0 equidade de g\u00eanero<\/p>\n                                                    <\/article>\n                                                <\/a><hr class=\"mt-4 mb-4 d-none d-md-block\"><a class=\"noticia-feed d-flex flex-column flex-md-row align-items-start\" href=\"https:\/\/operobal.uel.br\/saude\/2026\/08\/31\/uel-primeira-workshop-parana-vigilancia-entomologica\/\">\n                                                    <img decoding=\"async\" class=\"lazy entered loaded\" src=\"https:\/\/operobal.uel.br\/wp-content\/uploads\/2026\/08\/ento-2.png\"\/>    \n                                                    <article class=\"ml-0 ml-md-4 corpo-noticia-feed\">\n                                                        <p class=\"antetitulo mb-0\">Capacita\u00e7\u00e3o<\/p>\n                                                        <p class=\"titulo mb-2\">Workshop de Vigil\u00e2ncia Entomol\u00f3gica capacita pesquisadores e profissionais da sa\u00fade<\/p>\n                                                        <p class=\"descricao\">Objetivo \u00e9 discutir o monitoramento e controle de vetores. As inscri\u00e7\u00f5es ficam abertas at\u00e9 9 de outubro<\/p>\n                                                    <\/article>\n                                                <\/a><hr class=\"mt-4 mb-4 d-none d-md-block\"><a class=\"noticia-feed d-flex flex-column flex-md-row align-items-start\" href=\"https:\/\/operobal.uel.br\/formatura\/2026\/08\/27\/cerimonia-colacao-grau-125-estudantes-de-tres-centros-de-estudos\/\">\n                                                    <img decoding=\"async\" class=\"lazy entered loaded\" src=\"https:\/\/operobal.uel.br\/wp-content\/uploads\/2026\/08\/Formatura-no-Ouro-Verde-2.jpg\"\/>    \n                                                    <article class=\"ml-0 ml-md-4 corpo-noticia-feed\">\n                                                        <p class=\"antetitulo mb-0\">Novos profissionais<\/p>\n                                                        <p class=\"titulo mb-2\">Cerim\u00f4nia de cola\u00e7\u00e3o de grau tem 125 estudantes de tr\u00eas Centros de Estudos<\/p>\n                                                        <p class=\"descricao\">Solenidade come\u00e7a \u00e0s 20h, no Cine Teatro Ouro Verde, exclusivamente para os formandos, familiares e convidados<\/p>\n                                                    <\/article>\n                                                <\/a><hr class=\"mt-4 mb-4 d-none d-md-block\"><a class=\"noticia-feed d-flex flex-column flex-md-row align-items-start\" href=\"https:\/\/operobal.uel.br\/graduacao\/2026\/08\/24\/caravana-estudantes-movimenta-36o-workshop-usp\/\">\n                                                    <img decoding=\"async\" class=\"lazy entered loaded\" src=\"https:\/\/operobal.uel.br\/wp-content\/uploads\/2026\/08\/WhatsApp-Image-2026-08-20-at-20.52.47.jpeg\"\/>    \n                                                    <article class=\"ml-0 ml-md-4 corpo-noticia-feed\">\n                                                        <p class=\"antetitulo mb-0\">Oportunidade<\/p>\n                                                        <p class=\"titulo mb-2\">Caravana de estudantes movimenta 36\u00ba Workshop Integrativo da USP<\/p>\n                                                        <p class=\"descricao\">\u00c9 considerada a maior feira de recrutamento da Am\u00e9rica Latina e re\u00fane universit\u00e1rios de todo o Brasil <\/p>\n                                                    <\/article>\n                                                <\/a><hr class=\"mt-4 mb-4 d-none d-md-block\"><a class=\"noticia-feed d-flex flex-column flex-md-row align-items-start\" href=\"https:\/\/operobal.uel.br\/ciencia\/2026\/08\/24\/edicao-londrinense-festival-pint-of-science-segunda-maior-mundo-2026\/\">\n                                                    <img decoding=\"async\" class=\"lazy entered loaded\" src=\"https:\/\/operobal.uel.br\/wp-content\/uploads\/2026\/08\/pint-3.webp\"\/>    \n                                                    <article class=\"ml-0 ml-md-4 corpo-noticia-feed\">\n                                                        <p class=\"antetitulo mb-0\">Ci\u00eancia<\/p>\n                                                        <p class=\"titulo mb-2\">Edi\u00e7\u00e3o londrinense do Festival Pint of Science foi a segunda maior do mundo em 2026<\/p>\n                                                        <p class=\"descricao\">Cerim\u00f4nia de encerramento nesta na \u00faltima quinta (20) destacou os resultados do festival, que alcan\u00e7ou 1,7 mil pessoas em 18 estabelecimentos da cidade<\/p>\n                                                    <\/article>\n                                                <\/a><\/div><button id=\"feed-noticias-perobal-load-moreevento\" type=\"button\" class=\"feed-noticias-button\" data-endpoint=\"https:\/\/operobal.uel.br\/wp-json\/wp-perobal\/v1\/posts\/tags\/evento?numberposts=50\" data-ppp=\"5\" data-pages=\"5\">Leia mais<\/button>","protected":false},"excerpt":{"rendered":"<p>Conhe\u00e7a os Eventos que est\u00e3o acontecendo na UEL e os que est\u00e3o para acontecer: V Jornada de Apresenta\u00e7\u00e3o de Trabalho de Conclus\u00e3o de Curso da Fisioterapia 05\/12\/2025. Inscri\u00e7\u00f5es em breve. Eventos diversos na UEL<\/p>\n","protected":false},"author":8,"featured_media":0,"parent":0,"menu_order":0,"comment_status":"closed","ping_status":"closed","template":"","meta":{"_acf_changed":false,"footnotes":""},"class_list":["post-17","page","type-page","status-publish","hentry"],"acf":[],"_links":{"self":[{"href":"https:\/\/graduacao.uel.br\/fisioterapia\/wp-json\/wp\/v2\/pages\/17","targetHints":{"allow":["GET"]}}],"collection":[{"href":"https:\/\/graduacao.uel.br\/fisioterapia\/wp-json\/wp\/v2\/pages"}],"about":[{"href":"https:\/\/graduacao.uel.br\/fisioterapia\/wp-json\/wp\/v2\/types\/page"}],"author":[{"embeddable":true,"href":"https:\/\/graduacao.uel.br\/fisioterapia\/wp-json\/wp\/v2\/users\/8"}],"replies":[{"embeddable":true,"href":"https:\/\/graduacao.uel.br\/fisioterapia\/wp-json\/wp\/v2\/comments?post=17"}],"version-history":[{"count":4,"href":"https:\/\/graduacao.uel.br\/fisioterapia\/wp-json\/wp\/v2\/pages\/17\/revisions"}],"predecessor-version":[{"id":103,"href":"https:\/\/graduacao.uel.br\/fisioterapia\/wp-json\/wp\/v2\/pages\/17\/revisions\/103"}],"wp:attachment":[{"href":"https:\/\/graduacao.uel.br\/fisioterapia\/wp-json\/wp\/v2\/media?parent=17"}],"curies":[{"name":"wp","href":"https:\/\/api.w.org\/{rel}","templated":true}]}}