{"id":29,"date":"2024-05-10T11:33:19","date_gmt":"2024-05-10T14:33:19","guid":{"rendered":"https:\/\/graduacao.uel.br\/letras-ingles\/?page_id=29"},"modified":"2024-07-04T15:04:24","modified_gmt":"2024-07-04T18:04:24","slug":"eventos","status":"publish","type":"page","link":"https:\/\/graduacao.uel.br\/letras-ingles\/eventos\/","title":{"rendered":"Eventos"},"content":{"rendered":"\n<p class=\"wp-block-paragraph\">Conhe\u00e7a os Eventos que est\u00e3o acontecendo na UEL e os que est\u00e3o para acontecer:<\/p>\n\n\n\n<div class=\"wp-block-pb-accordion-item c-accordion__item js-accordion-item no-js\" data-initially-open=\"false\" data-click-to-close=\"true\" data-auto-close=\"true\" data-scroll=\"false\" data-scroll-offset=\"0\"><h2 id=\"at-290\" class=\"c-accordion__title js-accordion-controller\" role=\"button\">2024<\/h2><div id=\"ac-290\" class=\"c-accordion__content\">\n<p class=\"wp-block-paragraph\"><strong>SEMANA DE RECEP\u00c7\u00c3O<\/strong><\/p>\n\n\n\n<p class=\"wp-block-paragraph\">Para mais informa\u00e7\u00f5es <strong><a href=\"https:\/\/sites.uel.br\/ser\/\">clique aqui<\/a><\/strong>.<\/p>\n<\/div><\/div>\n\n\n\n<div class=\"wp-block-pb-accordion-item c-accordion__item js-accordion-item no-js\" data-initially-open=\"false\" data-click-to-close=\"true\" data-auto-close=\"true\" data-scroll=\"false\" data-scroll-offset=\"0\"><h2 id=\"at-291\" class=\"c-accordion__title js-accordion-controller\" role=\"button\">2023<\/h2><div id=\"ac-291\" class=\"c-accordion__content\">\n<p class=\"wp-block-paragraph\"><strong>EPIC &#8211; Encontro de Professores de Ingl\u00eas para Crian\u00e7as<\/strong><\/p>\n\n\n\n<p class=\"wp-block-paragraph\">29 e 30 de Setembro de 2023, para mais informa\u00e7\u00f5es clique em <strong><a href=\"https:\/\/sites.google.com\/view\/epic2023\/p\u00e1gina-inicial\">saiba mais<\/a><\/strong>.<\/p>\n<\/div><\/div>\n\n\n\n<div class=\"wp-block-columns is-layout-flex wp-container-core-columns-is-layout-8f761849 wp-block-columns-is-layout-flex\">\n<div class=\"wp-block-column is-layout-flow wp-block-column-is-layout-flow\"><\/div>\n<\/div>\n\n\n\n<p class=\"has-primary-accent-color has-text-color has-link-color has-medium-font-size wp-elements-1 wp-block-paragraph\"><strong>Eventos diversos na UEL<\/strong><\/p>\n\n\n\n                <div class=\"feed-noticias-perobal alm-listing alm-ajax alm-has-transition\" id=\"feed-noticias-perobal-evento\"><a class=\"noticia-feed d-flex flex-column flex-md-row align-items-start\" href=\"https:\/\/operobal.uel.br\/formatura\/2026\/08\/27\/cerimonia-colacao-grau-125-estudantes-de-tres-centros-de-estudos\/\">\n                                                    <img decoding=\"async\" class=\"lazy entered loaded\" src=\"https:\/\/operobal.uel.br\/wp-content\/uploads\/2026\/08\/Formatura-no-Ouro-Verde-2.jpg\"\/>    \n                                                    <article class=\"ml-0 ml-md-4 corpo-noticia-feed\">\n                                                        <p class=\"antetitulo mb-0\">Novos profissionais<\/p>\n                                                        <p class=\"titulo mb-2\">Cerim\u00f4nia de cola\u00e7\u00e3o de grau tem 125 estudantes de tr\u00eas Centros de Estudos<\/p>\n                                                        <p class=\"descricao\">Solenidade come\u00e7a \u00e0s 20h, no Cine Teatro Ouro Verde, exclusivamente para os formandos, familiares e convidados<\/p>\n                                                    <\/article>\n                                                <\/a><hr class=\"mt-4 mb-4 d-none d-md-block\"><a class=\"noticia-feed d-flex flex-column flex-md-row align-items-start\" href=\"https:\/\/operobal.uel.br\/graduacao\/2026\/08\/24\/caravana-estudantes-movimenta-36o-workshop-usp\/\">\n                                                    <img decoding=\"async\" class=\"lazy entered loaded\" src=\"https:\/\/operobal.uel.br\/wp-content\/uploads\/2026\/08\/WhatsApp-Image-2026-08-20-at-20.52.47.jpeg\"\/>    \n                                                    <article class=\"ml-0 ml-md-4 corpo-noticia-feed\">\n                                                        <p class=\"antetitulo mb-0\">Oportunidade<\/p>\n                                                        <p class=\"titulo mb-2\">Caravana de estudantes movimenta 36\u00ba Workshop Integrativo da USP<\/p>\n                                                        <p class=\"descricao\">\u00c9 considerada a maior feira de recrutamento da Am\u00e9rica Latina e re\u00fane universit\u00e1rios de todo o Brasil <\/p>\n                                                    <\/article>\n                                                <\/a><hr class=\"mt-4 mb-4 d-none d-md-block\"><a class=\"noticia-feed d-flex flex-column flex-md-row align-items-start\" href=\"https:\/\/operobal.uel.br\/ciencia\/2026\/08\/24\/edicao-londrinense-festival-pint-of-science-segunda-maior-mundo-2026\/\">\n                                                    <img decoding=\"async\" class=\"lazy entered loaded\" src=\"https:\/\/operobal.uel.br\/wp-content\/uploads\/2026\/08\/pint-3.webp\"\/>    \n                                                    <article class=\"ml-0 ml-md-4 corpo-noticia-feed\">\n                                                        <p class=\"antetitulo mb-0\">Ci\u00eancia<\/p>\n                                                        <p class=\"titulo mb-2\">Edi\u00e7\u00e3o londrinense do Festival Pint of Science foi a segunda maior do mundo em 2026<\/p>\n                                                        <p class=\"descricao\">Cerim\u00f4nia de encerramento nesta na \u00faltima quinta (20) destacou os resultados do festival, que alcan\u00e7ou 1,7 mil pessoas em 18 estabelecimentos da cidade<\/p>\n                                                    <\/article>\n                                                <\/a><hr class=\"mt-4 mb-4 d-none d-md-block\"><a class=\"noticia-feed d-flex flex-column flex-md-row align-items-start\" href=\"https:\/\/operobal.uel.br\/ultimas\/2026\/08\/21\/eduel-lanca-quatro-livros-na-28a-bienal-do-livro-em-sao-paulo\/\">\n                                                    <img decoding=\"async\" class=\"lazy entered loaded\" src=\"https:\/\/operobal.uel.br\/wp-content\/uploads\/2026\/08\/Rosane-Bienal-dos-livros-2.jpg\"\/>    \n                                                    <article class=\"ml-0 ml-md-4 corpo-noticia-feed\">\n                                                        <p class=\"antetitulo mb-0\">Mercado editorial<\/p>\n                                                        <p class=\"titulo mb-2\">Eduel lan\u00e7a quatro livros na 28\u00aa Bienal do Livro em S\u00e3o Paulo<\/p>\n                                                        <p class=\"descricao\">Publica\u00e7\u00f5es ser\u00e3o expostas no estande da Associa\u00e7\u00e3o Brasileira das Editoras Universit\u00e1rias (ABEU)<\/p>\n                                                    <\/article>\n                                                <\/a><hr class=\"mt-4 mb-4 d-none d-md-block\"><a class=\"noticia-feed d-flex flex-column flex-md-row align-items-start\" href=\"https:\/\/operobal.uel.br\/graduacao\/2026\/08\/21\/semana-administracao-2026-inscricoes-debate-empregabilidade\/\">\n                                                    <img decoding=\"async\" class=\"lazy entered loaded\" src=\"https:\/\/operobal.uel.br\/wp-content\/uploads\/2026\/08\/Design-sem-nome-1_page-0001-scaled.jpg\"\/>    \n                                                    <article class=\"ml-0 ml-md-4 corpo-noticia-feed\">\n                                                        <p class=\"antetitulo mb-0\">Oportunidade<\/p>\n                                                        <p class=\"titulo mb-2\">Abertas as inscri\u00e7\u00f5es da Semana de Administra\u00e7\u00e3o: Empregabilidade 360\u00ba<\/p>\n                                                        <p class=\"descricao\">A edi\u00e7\u00e3o 2026 do tradicional evento da \u00e1rea da Administra\u00e7\u00e3o ocorre em tr\u00eas dias, com a realiza\u00e7\u00e3o de palestras e oficinas <\/p>\n                                                    <\/article>\n                                                <\/a><\/div><button id=\"feed-noticias-perobal-load-moreevento\" type=\"button\" class=\"feed-noticias-button\" data-endpoint=\"https:\/\/operobal.uel.br\/wp-json\/wp-perobal\/v1\/posts\/tags\/evento?numberposts=50\" data-ppp=\"5\" data-pages=\"5\">Leia mais<\/button>","protected":false},"excerpt":{"rendered":"<p>Conhe\u00e7a os Eventos que est\u00e3o acontecendo na UEL e os que est\u00e3o para acontecer: Eventos diversos na UEL<\/p>\n","protected":false},"author":6,"featured_media":0,"parent":0,"menu_order":0,"comment_status":"closed","ping_status":"closed","template":"","meta":{"_acf_changed":false,"footnotes":""},"class_list":["post-29","page","type-page","status-publish","hentry"],"acf":[],"_links":{"self":[{"href":"https:\/\/graduacao.uel.br\/letras-ingles\/wp-json\/wp\/v2\/pages\/29","targetHints":{"allow":["GET"]}}],"collection":[{"href":"https:\/\/graduacao.uel.br\/letras-ingles\/wp-json\/wp\/v2\/pages"}],"about":[{"href":"https:\/\/graduacao.uel.br\/letras-ingles\/wp-json\/wp\/v2\/types\/page"}],"author":[{"embeddable":true,"href":"https:\/\/graduacao.uel.br\/letras-ingles\/wp-json\/wp\/v2\/users\/6"}],"replies":[{"embeddable":true,"href":"https:\/\/graduacao.uel.br\/letras-ingles\/wp-json\/wp\/v2\/comments?post=29"}],"version-history":[{"count":5,"href":"https:\/\/graduacao.uel.br\/letras-ingles\/wp-json\/wp\/v2\/pages\/29\/revisions"}],"predecessor-version":[{"id":203,"href":"https:\/\/graduacao.uel.br\/letras-ingles\/wp-json\/wp\/v2\/pages\/29\/revisions\/203"}],"wp:attachment":[{"href":"https:\/\/graduacao.uel.br\/letras-ingles\/wp-json\/wp\/v2\/media?parent=29"}],"curies":[{"name":"wp","href":"https:\/\/api.w.org\/{rel}","templated":true}]}}